{"id":650,"date":"2015-07-29T13:44:44","date_gmt":"2015-07-29T13:44:44","guid":{"rendered":"https:\/\/optimus.qsandbox.com\/zqs\/qbcj\/site\/kaushal-cmfree-mzb\/?page_id=4"},"modified":"2026-09-01T08:43:57","modified_gmt":"2026-09-01T11:43:57","slug":"inicio","status":"publish","type":"page","link":"https:\/\/agromedios.com\/new\/","title":{"rendered":"Inicio"},"content":{"rendered":"\n<div class=\"wp-block-blockspare-blockspare-container alignfull blockspare-5aaa25bd-cb75-4\" blockspare-animation=\"\"><style>.blockspare-5aaa25bd-cb75-4 > .blockspare-block-container-wrapper{background-color:#f9f9f9;padding-top:20px;padding-right:20px;padding-bottom:20px;padding-left:20px;margin-top:30px;margin-right:0px;margin-bottom:30px;margin-left:0px;border-radius:0}.blockspare-5aaa25bd-cb75-4 .blockspare-image-wrap{background-image:none}<\/style><div class=\"blockspare-block-container-wrapper blockspare-hover-item\"><div class=\"blockspare-container-background blockspare-image-wrap has-background-opacity-100 has-background-opacity\"><\/div><div class=\"blockspare-container\"><div class=\"blockspare-inner-blocks blockspare-inner-wrapper-blocks\">\n<div class=\"wp-block-essential-blocks-advanced-image alignwide  root-eb-advanced-image-oeefn\"><div class=\"eb-parent-wrapper eb-parent-eb-advanced-image-oeefn \"><figure class=\"eb-advanced-image-wrapper eb-advanced-image-oeefn no-effect\" data-id=\"eb-advanced-image-oeefn\"><div class=\"eb-image-wrapper\"><div class=\"eb-image-wrapper-inner eb-img-style-square\"><img decoding=\"async\" src=\"https:\/\/agromedios.com\/new\/wp-content\/uploads\/2026\/08\/BANNER-AGROMEDIOS-1250-x-116-px.gif\" alt=\"\"\/><\/div><a class=\"eb-image-link\" href=\"https:\/\/tienda.comasa.com.uy\/?utm_source=Banner&amp;utm_medium=Agromedios&amp;utm_campaign=Renueva&amp;utm_cbanner\" target=\"_blank\" rel=\"noopener\"><\/a><\/div><\/figure><\/div><\/div>\n<\/div><\/div><\/div><\/div>\n\n\n\n<div class=\"wp-block-columns are-vertically-aligned-top is-layout-flex wp-container-core-columns-is-layout-8f761849 wp-block-columns-is-layout-flex\">\n<div class=\"wp-block-column is-vertically-aligned-top is-layout-flow wp-block-column-is-layout-flow\" style=\"flex-basis:60%\">\n<div class=\"wp-block-blockspare-blockspare-section-header aligncenter blockspare-9c60afe5-74f5-4 blockspare-section-header-wrapper blockspare-blocks\" blockspare-animation=\"\"><style>.blockspare-9c60afe5-74f5-4 .blockspare-section-head-wrap{background-color:transparent;text-align:left;margin-top:0px;margin-right:0px;margin-bottom:0px;margin-left:0px}.blockspare-9c60afe5-74f5-4 .blockspare-section-head-wrap .blockspare-title{color:#2c8a68;padding-top:0px;padding-right:0px;padding-bottom:0px;padding-left:0px;font-size:19px;font-family:Helvetica}.blockspare-9c60afe5-74f5-4 .blockspare-section-head-wrap .blockspare-title-wrapper .blockspare-title-dash.blockspare-lower-dash::before{background-color:#438c19!important}.blockspare-9c60afe5-74f5-4 .blockspare-section-head-wrap .blockspare-title-wrapper .blockspare-lower-dash{background-color:#E5EFE3!important}.blockspare-9c60afe5-74f5-4 .blockspare-section-head-wrap .blockspare-subtitle{color:#6d6d6d;font-size:14px;padding-top:0px;padding-right:0px;padding-bottom:0px;padding-left:0px}@media screen and (max-width:1025px){.blockspare-9c60afe5-74f5-4 .blockspare-section-head-wrap .blockspare-title{font-size:22px}.blockspare-9c60afe5-74f5-4 .blockspare-section-head-wrap .blockspare-subtitle{font-size:14px}}@media screen and (max-width:768px){.blockspare-9c60afe5-74f5-4 .blockspare-section-head-wrap .blockspare-title{font-size:20px}.blockspare-9c60afe5-74f5-4 .blockspare-section-head-wrap .blockspare-subtitle{font-size:14px}}<\/style><div class=\"blockspare-section-head-wrap blockspare-style10 blockspare-left blockspare-hover-item\"><div class=\"blockspare-title-wrapper\"><span class=\"blockspare-title-dash blockspare-upper-dash\"><\/span><h3 class=\"blockspare-title\">\u00daltimas noticias<\/h3><span class=\"blockspare-title-dash blockspare-lower-dash\"><\/span><\/div><div class=\"blockspare-subtitle-wrapper\"><span class=\"blockspare-title-dash blockspare-upper-dash\"><\/span><span class=\"blockspare-title-dash blockspare-lower-dash\"><\/span><\/div><\/div><\/div>\n\n\n\n  <div class=\"wp-block-blockspare-posts-block-blockspare-posts-block-latest-posts alignwide   blockspare-093d570b-2caf-4\">\n        <section class=\"blockspare-posts-block-post-wrap\">\n      <div class=\"blockspare-posts-block-latest-post-carousel-wrap  blockspare-posts-block-is-carousel blockspare-posts-block-carousel-full column-2 lpc-navigation-small lpc-navigation-1 nav-on-hover blockspare-posts-block-full-layout-1 has-gutter-space-1 \" blockspare-animation=\"\">\n        <div class=\"latest-post-carousel\" data-slick=\"{&quot;dots&quot;:false,&quot;loop&quot;:true,&quot;autoplay&quot;:true,&quot;speed&quot;:&quot;800&quot;,&quot;arrows&quot;:true,&quot;slidesToShow&quot;:1,&quot;centerMode&quot;:false,&quot;responsive&quot;:[{&quot;breakpoint&quot;:900,&quot;settings&quot;:{&quot;slidesToShow&quot;:1,&quot;slidesToScroll&quot;:1,&quot;infinite&quot;:true,&quot;centerMode&quot;:false}},{&quot;breakpoint&quot;:600,&quot;settings&quot;:{&quot;slidesToShow&quot;:1,&quot;slidesToScroll&quot;:1,&quot;centerMode&quot;:false}},{&quot;breakpoint&quot;:480,&quot;settings&quot;:{&quot;slidesToShow&quot;:1,&quot;slidesToScroll&quot;:1,&quot;centerMode&quot;:false}}]}\"\n          data-next=\"fas fa-chevron-right\" data-prev=\"fas fa-chevron-left\">\n          \n            <div id=\"18955\"\n              class=\"blockspare-posts-block-post-single blockspare-hover-item contentorderone content-order-1 bs-has-equal-height has-background \">\n              \n\n              <figure class=\"blockspare-posts-block-post-img hover-child\">\n                <a href=\"https:\/\/agromedios.com\/new\/la-raza-texel-duplica-su-presencia-en-la-expo-prado-y-consolida-cuatro-anos-de-expansion\/\" aria-label=\"La raza Texel duplica su presencia en la Expo Prado y consolida cuatro a\u00f1os de expansi\u00f3n\">\n                  <img fetchpriority=\"high\" decoding=\"async\" width=\"2560\" height=\"1920\" src=\"https:\/\/agromedios.com\/new\/wp-content\/uploads\/2026\/09\/IMG_3075-1024x768.jpeg\" class=\"attachment-full size-full\" alt=\"\" \/>                <\/a>\n                                  <div class=\"blockspare-posts-block-post-category\">\n                                        <a href=\"\" class=\"category tag\" >A<\/a> \n                                      <\/div>\n\n                              <\/figure>\n\n              <div\n                class=\"blockspare-posts-block-post-content hover-child content-order-1 lpc-title-hover\">\n                <div class=\"blockspare-posts-block-bg-overlay\"><\/div>\n                <header class=\"blockspare-posts-block-post-grid-header\">\n                                      <div class=\"blockspare-posts-block-post-category\">\n                                          <a href=\"\" class=\"category tag\" >A<\/a> \n                                        <\/div>\n                                    <h2 class=\"blockspare-posts-block-post-grid-title\">\n                    <a href=\"https:\/\/agromedios.com\/new\/la-raza-texel-duplica-su-presencia-en-la-expo-prado-y-consolida-cuatro-anos-de-expansion\/\" class=\"blockspare-posts-block-title-link\" rel=\"bookmark\">\n                      <span>La raza Texel duplica su presencia en la Expo Prado y consolida cuatro a\u00f1os de expansi\u00f3n<\/span><\/a>\n                  <\/h2>\n\n                                      <div class=\"blockspare-posts-block-post-grid-byline\">\n                                          <\/div>\n\n                  \n                <\/header>\n\n                                  <div class=\"blockspare-posts-block-post-grid-excerpt\">\n                                          <div class=\"blockspare-posts-block-post-grid-excerpt-content\"><p>La raza Texel vuelve a marcar un hito en la Expo Prado al alcanzar un crecimiento del 100% en el&hellip;<\/p>\n                      <\/div>\n                    \n\n                                          <p>\n                        <a class=\"blockspare-posts-block-post-grid-more-link blockspare-posts-block-text-link\" href=\"https:\/\/agromedios.com\/new\/la-raza-texel-duplica-su-presencia-en-la-expo-prado-y-consolida-cuatro-anos-de-expansion\/\" aria-label=\"Read more about La raza Texel duplica su presencia en la Expo Prado y consolida cuatro a\u00f1os de expansi\u00f3n\">\n                          <span aria-hidden=\"true\">Leer m\u00e1s<\/span>\n                        <\/a>\n\n                      <\/p>\n\n                                      <\/div>\n                              <\/div>\n\n            <\/div>\n          \n            <div id=\"18946\"\n              class=\"blockspare-posts-block-post-single blockspare-hover-item contentorderone content-order-1 bs-has-equal-height has-background \">\n              \n\n              <figure class=\"blockspare-posts-block-post-img hover-child\">\n                <a href=\"https:\/\/agromedios.com\/new\/el-potencial-del-corn-belt-estiman-rendimientos-de-maiz-por-encima-de-los-13-000-kg-ha-y-soja-superior-a-los-4-000-kg-ha\/\" aria-label=\"El potencial del Corn Belt: estiman rendimientos de ma\u00edz por encima de los 13.000 kg\/ha y soja superior a los 4.000 kg\/ha\">\n                  <img decoding=\"async\" width=\"2560\" height=\"1920\" src=\"https:\/\/agromedios.com\/new\/wp-content\/uploads\/2026\/09\/IMG_3835-1024x768.jpeg\" class=\"attachment-full size-full\" alt=\"\" \/>                <\/a>\n                                  <div class=\"blockspare-posts-block-post-category\">\n                                        <a href=\"\" class=\"category tag\" >A<\/a> \n                                      <\/div>\n\n                              <\/figure>\n\n              <div\n                class=\"blockspare-posts-block-post-content hover-child content-order-1 lpc-title-hover\">\n                <div class=\"blockspare-posts-block-bg-overlay\"><\/div>\n                <header class=\"blockspare-posts-block-post-grid-header\">\n                                      <div class=\"blockspare-posts-block-post-category\">\n                                          <a href=\"\" class=\"category tag\" >A<\/a> \n                                        <\/div>\n                                    <h2 class=\"blockspare-posts-block-post-grid-title\">\n                    <a href=\"https:\/\/agromedios.com\/new\/el-potencial-del-corn-belt-estiman-rendimientos-de-maiz-por-encima-de-los-13-000-kg-ha-y-soja-superior-a-los-4-000-kg-ha\/\" class=\"blockspare-posts-block-title-link\" rel=\"bookmark\">\n                      <span>El potencial del Corn Belt: estiman rendimientos de ma\u00edz por encima de los 13.000 kg\/ha y soja superior a los 4.000 kg\/ha<\/span><\/a>\n                  <\/h2>\n\n                                      <div class=\"blockspare-posts-block-post-grid-byline\">\n                                          <\/div>\n\n                  \n                <\/header>\n\n                                  <div class=\"blockspare-posts-block-post-grid-excerpt\">\n                                          <div class=\"blockspare-posts-block-post-grid-excerpt-content\"><p>En el marco de una nueva gira t\u00e9cnica organizada por Agroterra, un grupo de productores y especialistas recorre los estados&hellip;<\/p>\n                      <\/div>\n                    \n\n                                          <p>\n                        <a class=\"blockspare-posts-block-post-grid-more-link blockspare-posts-block-text-link\" href=\"https:\/\/agromedios.com\/new\/el-potencial-del-corn-belt-estiman-rendimientos-de-maiz-por-encima-de-los-13-000-kg-ha-y-soja-superior-a-los-4-000-kg-ha\/\" aria-label=\"Read more about El potencial del Corn Belt: estiman rendimientos de ma\u00edz por encima de los 13.000 kg\/ha y soja superior a los 4.000 kg\/ha\">\n                          <span aria-hidden=\"true\">Leer m\u00e1s<\/span>\n                        <\/a>\n\n                      <\/p>\n\n                                      <\/div>\n                              <\/div>\n\n            <\/div>\n          \n            <div id=\"18934\"\n              class=\"blockspare-posts-block-post-single blockspare-hover-item contentorderone content-order-1 bs-has-equal-height has-background \">\n              \n\n              <figure class=\"blockspare-posts-block-post-img hover-child\">\n                <a href=\"https:\/\/agromedios.com\/new\/integracion-familiar-tecnologia-forrajera-y-sustentabilidad-en-el-pasturas-2026-en-durazno\/\" aria-label=\"Integraci\u00f3n familiar, tecnolog\u00eda forrajera y sustentabilidad en el Pasturas 2026 en Durazno\">\n                  <img decoding=\"async\" width=\"1280\" height=\"720\" src=\"https:\/\/agromedios.com\/new\/wp-content\/uploads\/2026\/09\/maxresdefault-1024x576.jpg\" class=\"attachment-full size-full\" alt=\"\" \/>                <\/a>\n                                  <div class=\"blockspare-posts-block-post-category\">\n                                        <a href=\"\" class=\"category tag\" >A<\/a> \n                                      <\/div>\n\n                              <\/figure>\n\n              <div\n                class=\"blockspare-posts-block-post-content hover-child content-order-1 lpc-title-hover\">\n                <div class=\"blockspare-posts-block-bg-overlay\"><\/div>\n                <header class=\"blockspare-posts-block-post-grid-header\">\n                                      <div class=\"blockspare-posts-block-post-category\">\n                                          <a href=\"\" class=\"category tag\" >A<\/a> \n                                        <\/div>\n                                    <h2 class=\"blockspare-posts-block-post-grid-title\">\n                    <a href=\"https:\/\/agromedios.com\/new\/integracion-familiar-tecnologia-forrajera-y-sustentabilidad-en-el-pasturas-2026-en-durazno\/\" class=\"blockspare-posts-block-title-link\" rel=\"bookmark\">\n                      <span>Integraci\u00f3n familiar, tecnolog\u00eda forrajera y sustentabilidad en el Pasturas 2026 en Durazno<\/span><\/a>\n                  <\/h2>\n\n                                      <div class=\"blockspare-posts-block-post-grid-byline\">\n                                          <\/div>\n\n                  \n                <\/header>\n\n                                  <div class=\"blockspare-posts-block-post-grid-excerpt\">\n                                          <div class=\"blockspare-posts-block-post-grid-excerpt-content\"><p>La tradicional jornada Pasturas 2026, organizada por PGG Wrightson Seeds, se consolida en su 19.\u00aa edici\u00f3n como el evento forrajero&hellip;<\/p>\n                      <\/div>\n                    \n\n                                          <p>\n                        <a class=\"blockspare-posts-block-post-grid-more-link blockspare-posts-block-text-link\" href=\"https:\/\/agromedios.com\/new\/integracion-familiar-tecnologia-forrajera-y-sustentabilidad-en-el-pasturas-2026-en-durazno\/\" aria-label=\"Read more about Integraci\u00f3n familiar, tecnolog\u00eda forrajera y sustentabilidad en el Pasturas 2026 en Durazno\">\n                          <span aria-hidden=\"true\">Leer m\u00e1s<\/span>\n                        <\/a>\n\n                      <\/p>\n\n                                      <\/div>\n                              <\/div>\n\n            <\/div>\n          \n            <div id=\"18911\"\n              class=\"blockspare-posts-block-post-single blockspare-hover-item contentorderone content-order-1 bs-has-equal-height has-background \">\n              \n\n              <figure class=\"blockspare-posts-block-post-img hover-child\">\n                <a href=\"https:\/\/agromedios.com\/new\/el-sector-forestal-apunta-a-sumar-500-mil-hectareas-en-medio-de-la-recuperacion-de-los-precios-internacionales\/\" aria-label=\"El sector forestal apunta a sumar 500 mil hect\u00e1reas en medio de la recuperaci\u00f3n de los precios internacionales\">\n                  <img loading=\"lazy\" decoding=\"async\" width=\"1139\" height=\"854\" src=\"https:\/\/agromedios.com\/new\/wp-content\/uploads\/2026\/09\/HRIkwljWYAEPEZR-1024x768.jpeg\" class=\"attachment-full size-full\" alt=\"\" \/>                <\/a>\n                                  <div class=\"blockspare-posts-block-post-category\">\n                                        <a href=\"\" class=\"category tag\" >A<\/a> \n                                      <\/div>\n\n                              <\/figure>\n\n              <div\n                class=\"blockspare-posts-block-post-content hover-child content-order-1 lpc-title-hover\">\n                <div class=\"blockspare-posts-block-bg-overlay\"><\/div>\n                <header class=\"blockspare-posts-block-post-grid-header\">\n                                      <div class=\"blockspare-posts-block-post-category\">\n                                          <a href=\"\" class=\"category tag\" >A<\/a> \n                                        <\/div>\n                                    <h2 class=\"blockspare-posts-block-post-grid-title\">\n                    <a href=\"https:\/\/agromedios.com\/new\/el-sector-forestal-apunta-a-sumar-500-mil-hectareas-en-medio-de-la-recuperacion-de-los-precios-internacionales\/\" class=\"blockspare-posts-block-title-link\" rel=\"bookmark\">\n                      <span>El sector forestal apunta a sumar 500 mil hect\u00e1reas en medio de la recuperaci\u00f3n de los precios internacionales<\/span><\/a>\n                  <\/h2>\n\n                                      <div class=\"blockspare-posts-block-post-grid-byline\">\n                                          <\/div>\n\n                  \n                <\/header>\n\n                                  <div class=\"blockspare-posts-block-post-grid-excerpt\">\n                                          <div class=\"blockspare-posts-block-post-grid-excerpt-content\"><p>Francisco Bonino, vice presidente de la Sociedad de Productores La Sociedad de Productores Forestales celebr\u00f3 un nuevo \u00abDesayono Forestal\u00bb, donde&hellip;<\/p>\n                      <\/div>\n                    \n\n                                          <p>\n                        <a class=\"blockspare-posts-block-post-grid-more-link blockspare-posts-block-text-link\" href=\"https:\/\/agromedios.com\/new\/el-sector-forestal-apunta-a-sumar-500-mil-hectareas-en-medio-de-la-recuperacion-de-los-precios-internacionales\/\" aria-label=\"Read more about El sector forestal apunta a sumar 500 mil hect\u00e1reas en medio de la recuperaci\u00f3n de los precios internacionales\">\n                          <span aria-hidden=\"true\">Leer m\u00e1s<\/span>\n                        <\/a>\n\n                      <\/p>\n\n                                      <\/div>\n                              <\/div>\n\n            <\/div>\n                  <\/div>\n      <\/div>\n    <\/section>\n  <\/div>\n<\/div>\n\n\n\n<div class=\"wp-block-column is-vertically-aligned-top is-layout-flow wp-block-column-is-layout-flow\" style=\"flex-basis:40%\">\n<div class=\"wp-block-blockspare-blockspare-section-header aligncenter blockspare-9d47cb73-057a-4 blockspare-section-header-wrapper blockspare-blocks\" blockspare-animation=\"\"><style>.blockspare-9d47cb73-057a-4 .blockspare-section-head-wrap{background-color:transparent;text-align:left;margin-top:0px;margin-right:0px;margin-bottom:0px;margin-left:0px}.blockspare-9d47cb73-057a-4 .blockspare-section-head-wrap .blockspare-title{color:#2c8a68;padding-top:0px;padding-right:0px;padding-bottom:0px;padding-left:0px;font-size:19px;font-family:Helvetica}.blockspare-9d47cb73-057a-4 .blockspare-section-head-wrap .blockspare-title-wrapper .blockspare-title-dash.blockspare-lower-dash::before{background-color:#438c19!important}.blockspare-9d47cb73-057a-4 .blockspare-section-head-wrap .blockspare-title-wrapper .blockspare-lower-dash{background-color:#E5EFE3!important}.blockspare-9d47cb73-057a-4 .blockspare-section-head-wrap .blockspare-subtitle{color:#6d6d6d;font-size:14px;padding-top:0px;padding-right:0px;padding-bottom:0px;padding-left:0px}@media screen and (max-width:1025px){.blockspare-9d47cb73-057a-4 .blockspare-section-head-wrap .blockspare-title{font-size:22px}.blockspare-9d47cb73-057a-4 .blockspare-section-head-wrap .blockspare-subtitle{font-size:14px}}@media screen and (max-width:768px){.blockspare-9d47cb73-057a-4 .blockspare-section-head-wrap .blockspare-title{font-size:20px}.blockspare-9d47cb73-057a-4 .blockspare-section-head-wrap .blockspare-subtitle{font-size:14px}}<\/style><div class=\"blockspare-section-head-wrap blockspare-style10 blockspare-left blockspare-hover-item\"><div class=\"blockspare-title-wrapper\"><span class=\"blockspare-title-dash blockspare-upper-dash\"><\/span><h3 class=\"blockspare-title\">Suplementos<\/h3><span class=\"blockspare-title-dash blockspare-lower-dash\"><\/span><\/div><div class=\"blockspare-subtitle-wrapper\"><span class=\"blockspare-title-dash blockspare-upper-dash\"><\/span><span class=\"blockspare-title-dash blockspare-lower-dash\"><\/span><\/div><\/div><\/div>\n\n\n\n<div class=\"wp-block-essential-blocks-slider root-eb-slider-ilx2j\"><div class=\"eb-parent-wrapper eb-parent-eb-slider-ilx2j \"><div class=\"eb-slider-wrapper eb-slider-ilx2j default-slider\" data-blockid=\"eb-slider-ilx2j\" data-version=\"v4\" data-settings=\"eyJhcnJvd3MiOnRydWUsImFkYXB0aXZlSGVpZ2h0Ijp0cnVlLCJhdXRvcGxheSI6dHJ1ZSwiYXV0b3BsYXlTcGVlZCI6MjI1NSwiZG90cyI6ZmFsc2UsImZhZGUiOmZhbHNlLCJpbmZpbml0ZSI6dHJ1ZSwicGF1c2VPbkhvdmVyIjp0cnVlLCJzbGlkZXNUb1Nob3ciOjEsInNwZWVkIjo1MDAsInZlcnRpY2FsIjpmYWxzZSwiY3VycmVudFNsaWRlIjowLCJydGwiOmZhbHNlLCJyZXNwb25zaXZlIjpbeyJicmVha3BvaW50IjoxMDI1LCJzZXR0aW5ncyI6eyJzbGlkZXNUb1Nob3ciOjF9fSx7ImJyZWFrcG9pbnQiOjc2Nywic2V0dGluZ3MiOnsic2xpZGVzVG9TaG93IjoxfX1dfQ==\" data-arrownexticon=\"fas fa-chevron-right\" data-arrowprevicon=\"fas fa-chevron-left\" data-lightbox=\"false\"><div class=\"eb-slider-init eb-slider-type-image\"><div class=\"eb-slider-item content-1\" data-src=\"https:\/\/agromedios.com\/new\/wp-content\/uploads\/2026\/09\/SUPLE-CULTIVOS-VERANO-2026_page-0001-723x1024.jpg\"><div><a href=\"https:\/\/agromedios.com\/new\/wp-content\/uploads\/2026\/09\/SUPLE_CULTIVOS_VERANO_2026.pdf\" target=\"_blank\" rel=\"noopener\"><img class=\"eb-slider-image\" data-lazy=\"https:\/\/agromedios.com\/new\/wp-content\/uploads\/2026\/09\/SUPLE-CULTIVOS-VERANO-2026_page-0001-723x1024.jpg\"\/><\/a><\/div><\/div><div class=\"eb-slider-item content-1\" data-src=\"https:\/\/agromedios.com\/new\/wp-content\/uploads\/2026\/05\/revista-15-05-2026.jpg\"><div><a href=\"https:\/\/agromedios.com\/new\/wp-content\/uploads\/2026\/05\/cultivos_invierno_2026.pdf\" target=\"_blank\" rel=\"noopener\"><img class=\"eb-slider-image\" data-lazy=\"https:\/\/agromedios.com\/new\/wp-content\/uploads\/2026\/05\/revista-15-05-2026.jpg\"\/><\/a><\/div><\/div><div class=\"eb-slider-item content-1\" data-src=\"https:\/\/agromedios.com\/new\/wp-content\/uploads\/2026\/03\/ee7d6ef3-7882-4fbb-9089-1a4728da1ead_expoactiva_para_corregir_1_-1-723x1024.jpg\"><div><a href=\"https:\/\/agromedios.com\/new\/wp-content\/uploads\/2026\/03\/expoactiva-para-corregir-1.pdf\" target=\"_blank\" rel=\"noopener\"><img class=\"eb-slider-image\" data-lazy=\"https:\/\/agromedios.com\/new\/wp-content\/uploads\/2026\/03\/ee7d6ef3-7882-4fbb-9089-1a4728da1ead_expoactiva_para_corregir_1_-1-723x1024.jpg\"\/><\/a><\/div><\/div><div class=\"eb-slider-item content-1\" data-src=\"https:\/\/agromedios.com\/new\/wp-content\/uploads\/2026\/03\/tapa-agua-y-riego.jpg-741x1024.jpeg\"><div><a href=\"https:\/\/agromedios.com\/new\/wp-content\/uploads\/2026\/03\/Suplemento-Agua-y-Riego-vale.pdf\" target=\"_blank\" rel=\"noopener\"><img class=\"eb-slider-image\" data-lazy=\"https:\/\/agromedios.com\/new\/wp-content\/uploads\/2026\/03\/tapa-agua-y-riego.jpg-741x1024.jpeg\"\/><\/a><\/div><\/div><div class=\"eb-slider-item content-1\" data-src=\"https:\/\/agromedios.com\/new\/wp-content\/uploads\/2025\/10\/SOJA-723x1024.jpg\"><div><a href=\"https:\/\/agromedios.com\/new\/wp-content\/uploads\/2025\/10\/Suplemento-Soja-Agromedios-2025.pdf\" target=\"_blank\" rel=\"noopener\"><img class=\"eb-slider-image\" data-lazy=\"https:\/\/agromedios.com\/new\/wp-content\/uploads\/2025\/10\/SOJA-723x1024.jpg\"\/><\/a><\/div><\/div><div class=\"eb-slider-item content-1\" data-src=\"https:\/\/agromedios.com\/new\/wp-content\/uploads\/2025\/09\/1-prado.jpg\"><div><a href=\"https:\/\/agromedios.com\/new\/wp-content\/uploads\/2025\/09\/Expo-Prado-Suplemento-Agromedios-1.pdf\" target=\"_blank\" rel=\"noopener\"><img class=\"eb-slider-image\" data-lazy=\"https:\/\/agromedios.com\/new\/wp-content\/uploads\/2025\/09\/1-prado.jpg\"\/><\/a><\/div><\/div><div class=\"eb-slider-item content-1\" data-src=\"https:\/\/agromedios.com\/new\/wp-content\/uploads\/2025\/09\/1-723x1024.jpg\"><div><a href=\"https:\/\/agromedios.com\/new\/wp-content\/uploads\/2025\/09\/CULTIVOS-DE-VERANO-2025-AGROMEDIOS.pdf\" target=\"_self\" rel=\"noopener\"><img class=\"eb-slider-image\" data-lazy=\"https:\/\/agromedios.com\/new\/wp-content\/uploads\/2025\/09\/1-723x1024.jpg\"\/><\/a><\/div><\/div><div class=\"eb-slider-item content-1\" data-src=\"https:\/\/agromedios.com\/new\/wp-content\/uploads\/2025\/05\/1.-Cultivos-de-Invierno-723x1024.jpg\"><div><a href=\"https:\/\/agromedios.com\/new\/wp-content\/uploads\/2025\/05\/CULTIVOS-DE-INVIERNO-2025-1.pdf\" target=\"_blank\" rel=\"noopener\"><img class=\"eb-slider-image\" data-lazy=\"https:\/\/agromedios.com\/new\/wp-content\/uploads\/2025\/05\/1.-Cultivos-de-Invierno-723x1024.jpg\"\/><\/a><\/div><\/div><div class=\"eb-slider-item content-1\" data-src=\"https:\/\/agromedios.com\/new\/wp-content\/uploads\/2025\/05\/tapa-ex-1-1-723x1024.jpg\"><div><a href=\"https:\/\/agromedios.com\/new\/wp-content\/uploads\/2025\/05\/SUPLEMENTO-EXPOACTIVA.pdf\" target=\"_blank\" rel=\"noopener\"><img class=\"eb-slider-image\" data-lazy=\"https:\/\/agromedios.com\/new\/wp-content\/uploads\/2025\/05\/tapa-ex-1-1-723x1024.jpg\"\/><\/a><\/div><\/div><div class=\"eb-slider-item content-1\" data-src=\"https:\/\/agromedios.com\/new\/wp-content\/uploads\/2025\/05\/soja-2024-723x1024.jpg\"><div><a href=\"https:\/\/agromedios.com\/new\/wp-content\/uploads\/2025\/05\/Soja.pdf\" target=\"_blank\" rel=\"noopener\"><img class=\"eb-slider-image\" data-lazy=\"https:\/\/agromedios.com\/new\/wp-content\/uploads\/2025\/05\/soja-2024-723x1024.jpg\"\/><\/a><\/div><\/div><div class=\"eb-slider-item content-1\" data-src=\"https:\/\/agromedios.com\/new\/wp-content\/uploads\/2025\/05\/1.HARTWICH-2024.jpg\"><div><a href=\"https:\/\/agromedios.com\/new\/wp-content\/uploads\/2025\/05\/HARTWICH-2024-ok.pdf\" target=\"_blank\" rel=\"noopener\"><img class=\"eb-slider-image\" data-lazy=\"https:\/\/agromedios.com\/new\/wp-content\/uploads\/2025\/05\/1.HARTWICH-2024.jpg\"\/><\/a><\/div><\/div><div class=\"eb-slider-item content-1\" data-src=\"https:\/\/agromedios.com\/new\/wp-content\/uploads\/2025\/05\/01-arroz-723x1024.jpg\"><div><a href=\"https:\/\/agromedios.com\/new\/wp-content\/uploads\/2025\/05\/ARROZ-2024.pdf\" target=\"_blank\" rel=\"noopener\"><img class=\"eb-slider-image\" data-lazy=\"https:\/\/agromedios.com\/new\/wp-content\/uploads\/2025\/05\/01-arroz-723x1024.jpg\"\/><\/a><\/div><\/div><div class=\"eb-slider-item content-1\" data-src=\"https:\/\/agromedios.com\/new\/wp-content\/uploads\/2025\/05\/01-CULTIVOS-DE-VERANO-723x1024.jpg\"><div><a href=\"https:\/\/agromedios.com\/new\/wp-content\/uploads\/2025\/05\/Cultivos-de-verano-24.pdf\" target=\"_blank\" rel=\"noopener\"><img class=\"eb-slider-image\" data-lazy=\"https:\/\/agromedios.com\/new\/wp-content\/uploads\/2025\/05\/01-CULTIVOS-DE-VERANO-723x1024.jpg\"\/><\/a><\/div><\/div><div class=\"eb-slider-item content-1\" data-src=\"https:\/\/agromedios.com\/new\/wp-content\/uploads\/2025\/05\/01-NS.jpg\"><div><a href=\"https:\/\/agromedios.com\/new\/wp-content\/uploads\/2025\/05\/SUPLEMENTO-DIGITAL-NUEVO-SURCO.pdf\" target=\"_blank\" rel=\"noopener\"><img class=\"eb-slider-image\" data-lazy=\"https:\/\/agromedios.com\/new\/wp-content\/uploads\/2025\/05\/01-NS.jpg\"\/><\/a><\/div><\/div><div class=\"eb-slider-item content-1\" data-src=\"https:\/\/agromedios.com\/new\/wp-content\/uploads\/2025\/05\/01-DIA-NACIONAL-DE-LA-CARNE_page-0001-723x1024.jpg\"><div><a href=\"https:\/\/agromedios.com\/new\/wp-content\/uploads\/2025\/05\/SUPLEMENTO-DIA-NACIONAL-DE-LA-CARNE.pdf\" target=\"_blank\" rel=\"noopener\"><img class=\"eb-slider-image\" data-lazy=\"https:\/\/agromedios.com\/new\/wp-content\/uploads\/2025\/05\/01-DIA-NACIONAL-DE-LA-CARNE_page-0001-723x1024.jpg\"\/><\/a><\/div><\/div><div class=\"eb-slider-item content-1\" data-src=\"https:\/\/agromedios.com\/new\/wp-content\/uploads\/2025\/05\/01_page-0001-1-723x1024.jpg\"><div><img class=\"eb-slider-image\" data-lazy=\"https:\/\/agromedios.com\/new\/wp-content\/uploads\/2025\/05\/01_page-0001-1-723x1024.jpg\"\/><\/div><\/div><div class=\"eb-slider-item content-1\" data-src=\"https:\/\/agromedios.com\/new\/wp-content\/uploads\/2025\/05\/01-EXPOACTIVA.jpg\"><div><a href=\"https:\/\/agromedios.com\/new\/wp-content\/uploads\/2025\/05\/SUPLEMENTO-DIGITAL-EXPOACTIVA-2024.pdf\" target=\"_blank\" rel=\"noopener\"><img class=\"eb-slider-image\" data-lazy=\"https:\/\/agromedios.com\/new\/wp-content\/uploads\/2025\/05\/01-EXPOACTIVA.jpg\"\/><\/a><\/div><\/div><div class=\"eb-slider-item content-1\" data-src=\"https:\/\/agromedios.com\/new\/wp-content\/uploads\/2025\/05\/01-AGRICULTURA.jpg\"><div><a href=\"https:\/\/agromedios.com\/new\/wp-content\/uploads\/2025\/05\/SUPLEMENTO-DIGITAL-AGRICULTURA.pdf\" target=\"_blank\" rel=\"noopener\"><img class=\"eb-slider-image\" data-lazy=\"https:\/\/agromedios.com\/new\/wp-content\/uploads\/2025\/05\/01-AGRICULTURA.jpg\"\/><\/a><\/div><\/div><\/div><\/div><\/div><\/div>\n<\/div>\n<\/div>\n\n\n\n<div class=\"wp-block-blockspare-blockspare-container alignfull blockspare-5b4ce70c-3740-4\" blockspare-animation=\"\"><style>.blockspare-5b4ce70c-3740-4 > .blockspare-block-container-wrapper{background-color:#f9f9f9;padding-top:20px;padding-right:20px;padding-bottom:20px;padding-left:20px;margin-top:30px;margin-right:0px;margin-bottom:30px;margin-left:0px;border-radius:0}.blockspare-5b4ce70c-3740-4 .blockspare-image-wrap{background-image:none}<\/style><div class=\"blockspare-block-container-wrapper blockspare-hover-item\"><div class=\"blockspare-container-background blockspare-image-wrap has-background-opacity-100 has-background-opacity\"><\/div><div class=\"blockspare-container\"><div class=\"blockspare-inner-blocks blockspare-inner-wrapper-blocks\">\n<div class=\"wp-block-essential-blocks-advanced-image alignwide  root-eb-advanced-image-p2b7a\"><div class=\"eb-parent-wrapper eb-parent-eb-advanced-image-p2b7a \"><figure class=\"eb-advanced-image-wrapper eb-advanced-image-p2b7a no-effect\" data-id=\"eb-advanced-image-p2b7a\"><div class=\"eb-image-wrapper\"><div class=\"eb-image-wrapper-inner eb-img-style-square\"><img decoding=\"async\" src=\"https:\/\/agromedios.com\/new\/wp-content\/uploads\/2026\/08\/ADP-2-Banner-Revista-Rural-Campana_Ponete-en-Campana-1250x116-1.gif\" alt=\"\"\/><\/div><a class=\"eb-image-link\" href=\"https:\/\/adp.com.uy\/\" target=\"_blank\" rel=\"noopener\"><\/a><\/div><\/figure><\/div><\/div>\n<\/div><\/div><\/div><\/div>\n\n\n\n<div class=\"wp-block-columns is-layout-flex wp-container-core-columns-is-layout-8f761849 wp-block-columns-is-layout-flex\">\n<div class=\"wp-block-column is-layout-flow wp-block-column-is-layout-flow\" style=\"flex-basis:66.66%\"><div class=\"wp-block-blockspare-posts-block-blockspare-posts-block-latest-posts alignwide   blockspare-e0cf051d-56a1-4\" blockspare-animation=\"\">\n  \n    <section class=\"blockspare-posts-block-post-wrap\">\n      <div class=\"blockspare-posts-block-latest-post-wrap blockspare-posts-block-is-grid has-gutter-20 column-4  blockspare-posts-block-grid-layout-4\">\n                    <div id=\"18951\" class=\"blockspare-posts-block-post-single blockspare-hover-item  blockspare-hover-child bs-has-equal-height\">\n                  <figure class=\"blockspare-posts-block-post-img hover-child\">\n      <a href=\"https:\/\/agromedios.com\/new\/mundo-maiz-raizar-agro-despliega-su-propuesta-tecnica-para-la-campana\/\" aria-label=\"Mundo Ma\u00edz: Raizar Agro despliega su propuesta t\u00e9cnica para la campa\u00f1a\">\n        <img loading=\"lazy\" decoding=\"async\" width=\"714\" height=\"672\" src=\"https:\/\/agromedios.com\/new\/wp-content\/uploads\/2026\/09\/Captura-de-pantalla-2026-09-03-a-las-8.15.38-p.-m.png\" class=\"attachment-full size-full\" alt=\"\" \/>      <\/a>\n          <\/figure>\n                  <div class=\"blockspare-posts-block-post-content  content-order-5 lpc-title-hover\">\n    <div class=\"blockspare-posts-block-bg-overlay\"><\/div>\n    <!-- blockspare-posts-block-post-grid-header -->\n    <header class=\"blockspare-posts-block-post-grid-header\">\n      <!--display category when feature image is disable -->\n            <!--display category when feature image is enable-->\n              <!-- Category     -->\n        <div class=\"blockspare-posts-block-post-category\">\n                              <a href=\"\" class=\"category tag\" >B1<\/a> \n                            <\/div>\n        <!-- Category     -->\n            <!-- blockspare-posts-block-post-grid-title -->\n              <h2 class=\"blockspare-posts-block-post-grid-title\">\n          <a href=\"https:\/\/agromedios.com\/new\/mundo-maiz-raizar-agro-despliega-su-propuesta-tecnica-para-la-campana\/\" class=\"blockspare-posts-block-title-link\" rel=\"bookmark\">\n            <span>Mundo Ma\u00edz: Raizar Agro despliega su propuesta t\u00e9cnica para la campa\u00f1a<\/span>\n          <\/a>\n        <\/h2>\n            <!-- blockspare-posts-block-post-grid-title -->\n\n      <!-- blockspare-posts-block-post-grid-byline -->\n      <div class=\"blockspare-posts-block-post-grid-byline\">\n        <!-- blockspare-posts-block-post-grid-author -->\n                <!-- blockspare-posts-block-post-grid-author -->\n\n        <!-- blockspare-posts-block-post-grid-date -->\n                <!-- blockspare-posts-block-post-grid-date -->\n\n        <!-- comment_count -->\n                <!-- comment_count -->\n      <\/div>\n      <!-- blockspare-posts-block-post-grid-byline -->\n    <\/header>\n    <!-- blockspare-posts-block-post-grid-header -->\n\n        <!-- blockspare-posts-block-post-grid-excerpt -->\n          <div class=\"blockspare-posts-block-post-grid-excerpt\">\n        <!-- blockspare-posts-block-post-grid-excerpt-content -->\n                  <div class=\"blockspare-posts-block-post-grid-excerpt-content\">\n            En la antesala de una nueva siembra de ma\u00edz, la plataforma Raizar Agro present\u00f3 sus recomendaciones y propuesta comercial para la zafra en el espacio Mundo Ma\u00edz, emitido en el&hellip;          <\/div>\n                <!-- blockspare-posts-block-post-grid-excerpt-content -->\n        <!-- blockspare-posts-block-post-grid-more-link -->\n                  <p>\n            <a class=\"blockspare-posts-block-post-grid-more-link blockspare-posts-block-text-link\" href=\"https:\/\/agromedios.com\/new\/mundo-maiz-raizar-agro-despliega-su-propuesta-tecnica-para-la-campana\/\" aria-label=\"Read more about Mundo Ma\u00edz: Raizar Agro despliega su propuesta t\u00e9cnica para la campa\u00f1a\">\n              <span aria-hidden=\"true\">Leer m\u00e1s<\/span>\n            <\/a>\n\n          <\/p>\n                <!-- blockspare-posts-block-post-grid-more-link -->\n      <\/div>\n        <!-- blockspare-posts-block-post-grid-excerpt -->\n\n  <\/div>\n            <\/div>\n                                <div id=\"18942\" class=\"blockspare-posts-block-post-single blockspare-hover-item  blockspare-hover-child bs-has-equal-height\">\n                  <figure class=\"blockspare-posts-block-post-img hover-child\">\n      <a href=\"https:\/\/agromedios.com\/new\/plaza-rural-se-dispersaron-8-500-vacunos-de-perfil-hereford-en-un-mercado-sostenido-por-una-potente-demanda\/\" aria-label=\"Plaza Rural: se dispersaron 8.500 vacunos de perfil Hereford en un mercado sostenido por una potente demanda\">\n        <img loading=\"lazy\" decoding=\"async\" width=\"1440\" height=\"900\" src=\"https:\/\/agromedios.com\/new\/wp-content\/uploads\/2026\/09\/plazarural-footo-2024-1024x640.jpg\" class=\"attachment-full size-full\" alt=\"\" \/>      <\/a>\n          <\/figure>\n                  <div class=\"blockspare-posts-block-post-content  content-order-5 lpc-title-hover\">\n    <div class=\"blockspare-posts-block-bg-overlay\"><\/div>\n    <!-- blockspare-posts-block-post-grid-header -->\n    <header class=\"blockspare-posts-block-post-grid-header\">\n      <!--display category when feature image is disable -->\n            <!--display category when feature image is enable-->\n              <!-- Category     -->\n        <div class=\"blockspare-posts-block-post-category\">\n                              <a href=\"\" class=\"category tag\" >B1<\/a> \n                            <\/div>\n        <!-- Category     -->\n            <!-- blockspare-posts-block-post-grid-title -->\n              <h2 class=\"blockspare-posts-block-post-grid-title\">\n          <a href=\"https:\/\/agromedios.com\/new\/plaza-rural-se-dispersaron-8-500-vacunos-de-perfil-hereford-en-un-mercado-sostenido-por-una-potente-demanda\/\" class=\"blockspare-posts-block-title-link\" rel=\"bookmark\">\n            <span>Plaza Rural: se dispersaron 8.500 vacunos de perfil Hereford en un mercado sostenido por una potente demanda<\/span>\n          <\/a>\n        <\/h2>\n            <!-- blockspare-posts-block-post-grid-title -->\n\n      <!-- blockspare-posts-block-post-grid-byline -->\n      <div class=\"blockspare-posts-block-post-grid-byline\">\n        <!-- blockspare-posts-block-post-grid-author -->\n                <!-- blockspare-posts-block-post-grid-author -->\n\n        <!-- blockspare-posts-block-post-grid-date -->\n                <!-- blockspare-posts-block-post-grid-date -->\n\n        <!-- comment_count -->\n                <!-- comment_count -->\n      <\/div>\n      <!-- blockspare-posts-block-post-grid-byline -->\n    <\/header>\n    <!-- blockspare-posts-block-post-grid-header -->\n\n        <!-- blockspare-posts-block-post-grid-excerpt -->\n          <div class=\"blockspare-posts-block-post-grid-excerpt\">\n        <!-- blockspare-posts-block-post-grid-excerpt-content -->\n                  <div class=\"blockspare-posts-block-post-grid-excerpt-content\">\n            En una jornada que volvi\u00f3 a demostrar la fortaleza del sector criador, Plaza Rural concret\u00f3 la venta de 8.500 vacunos en un remate especial con un marcado perfil de la&hellip;          <\/div>\n                <!-- blockspare-posts-block-post-grid-excerpt-content -->\n        <!-- blockspare-posts-block-post-grid-more-link -->\n                  <p>\n            <a class=\"blockspare-posts-block-post-grid-more-link blockspare-posts-block-text-link\" href=\"https:\/\/agromedios.com\/new\/plaza-rural-se-dispersaron-8-500-vacunos-de-perfil-hereford-en-un-mercado-sostenido-por-una-potente-demanda\/\" aria-label=\"Read more about Plaza Rural: se dispersaron 8.500 vacunos de perfil Hereford en un mercado sostenido por una potente demanda\">\n              <span aria-hidden=\"true\">Leer m\u00e1s<\/span>\n            <\/a>\n\n          <\/p>\n                <!-- blockspare-posts-block-post-grid-more-link -->\n      <\/div>\n        <!-- blockspare-posts-block-post-grid-excerpt -->\n\n  <\/div>\n            <\/div>\n                    \n\n\n      <\/div>\n\n          <\/section>\n\n\n\n  <\/div>\n<\/div>\n\n\n\n<div class=\"wp-block-column is-layout-flow wp-block-column-is-layout-flow\" style=\"flex-basis:33.33%\">\n<div class=\"wp-block-essential-blocks-advanced-image  root-eb-advanced-image-9ms3pey\"><div class=\"eb-parent-wrapper eb-parent-eb-advanced-image-9ms3pey \"><figure class=\"eb-advanced-image-wrapper eb-advanced-image-9ms3pey no-effect\" data-id=\"eb-advanced-image-9ms3pey\"><div class=\"eb-image-wrapper\"><div class=\"eb-image-wrapper-inner eb-img-style-square\"><img decoding=\"async\" src=\"https:\/\/agromedios.com\/new\/wp-content\/uploads\/2023\/09\/banner_contenido_13_0.gif\" alt=\"\"\/><\/div><a class=\"eb-image-link\" href=\"https:\/\/www.biogenesisbago.com\/uy\/\" target=\"_blank\" rel=\"noopener\"><\/a><\/div><\/figure><\/div><\/div>\n<\/div>\n<\/div>\n\n\n\n<div class=\"wp-block-blockspare-blockspare-container alignfull blockspare-0afbe79f-3788-4\" blockspare-animation=\"\"><style>.blockspare-0afbe79f-3788-4 > .blockspare-block-container-wrapper{background-color:#f9f9f9;padding-top:20px;padding-right:20px;padding-bottom:20px;padding-left:20px;margin-top:30px;margin-right:0px;margin-bottom:30px;margin-left:0px;border-radius:0}.blockspare-0afbe79f-3788-4 .blockspare-image-wrap{background-image:none}<\/style><div class=\"blockspare-block-container-wrapper blockspare-hover-item\"><div class=\"blockspare-container-background blockspare-image-wrap has-background-opacity-100 has-background-opacity\"><\/div><div class=\"blockspare-container\"><div class=\"blockspare-inner-blocks blockspare-inner-wrapper-blocks\">\n<div class=\"wp-block-essential-blocks-advanced-image alignwide  root-eb-advanced-image-cwt0u\"><div class=\"eb-parent-wrapper eb-parent-eb-advanced-image-cwt0u \"><figure class=\"eb-advanced-image-wrapper eb-advanced-image-cwt0u no-effect\" data-id=\"eb-advanced-image-cwt0u\"><div class=\"eb-image-wrapper\"><div class=\"eb-image-wrapper-inner eb-img-style-square\"><img decoding=\"async\" src=\"https:\/\/agromedios.com\/new\/wp-content\/uploads\/2025\/10\/maccio-1024x95.png\" alt=\"\"\/><\/div><a class=\"eb-image-link\" href=\"https:\/\/www.grupomaccio.com\/\" target=\"_blank\" rel=\"noopener\"><\/a><\/div><\/figure><\/div><\/div>\n<\/div><\/div><\/div><\/div>\n\n\n\n<div class=\"wp-block-group\"><div class=\"wp-block-group__inner-container is-layout-constrained wp-block-group-is-layout-constrained\">\n<div class=\"wp-block-columns is-layout-flex wp-container-core-columns-is-layout-8f761849 wp-block-columns-is-layout-flex\">\n<div class=\"wp-block-column is-layout-flow wp-block-column-is-layout-flow\" style=\"flex-basis:66.66%\"><div class=\"wp-block-blockspare-posts-block-blockspare-posts-block-latest-posts alignwide   blockspare-7dca1c1c-c73c-4\" blockspare-animation=\"\">\n  \n    <section class=\"blockspare-posts-block-post-wrap\">\n      <div class=\"blockspare-posts-block-latest-post-wrap blockspare-posts-block-is-grid has-gutter-20 column-4  blockspare-posts-block-grid-layout-4\">\n                    <div id=\"18964\" class=\"blockspare-posts-block-post-single blockspare-hover-item  blockspare-hover-child bs-has-equal-height\">\n                  <figure class=\"blockspare-posts-block-post-img hover-child\">\n      <a href=\"https:\/\/agromedios.com\/new\/kawasaki-revoluciona-la-inspeccion-industrial-con-su-robot-cuadrupedo-coroleo\/\" aria-label=\"Kawasaki revoluciona la inspecci\u00f3n industrial con su robot cuadr\u00fapedo Coroleo\">\n        <img loading=\"lazy\" decoding=\"async\" width=\"1013\" height=\"671\" src=\"https:\/\/agromedios.com\/new\/wp-content\/uploads\/2026\/09\/Corleo-1.webp\" class=\"attachment-full size-full\" alt=\"\" \/>      <\/a>\n          <\/figure>\n                  <div class=\"blockspare-posts-block-post-content  content-order-5 lpc-title-hover\">\n    <div class=\"blockspare-posts-block-bg-overlay\"><\/div>\n    <!-- blockspare-posts-block-post-grid-header -->\n    <header class=\"blockspare-posts-block-post-grid-header\">\n      <!--display category when feature image is disable -->\n            <!--display category when feature image is enable-->\n              <!-- Category     -->\n        <div class=\"blockspare-posts-block-post-category\">\n                              <a href=\"\" class=\"category tag\" >B2<\/a> \n                            <\/div>\n        <!-- Category     -->\n            <!-- blockspare-posts-block-post-grid-title -->\n              <h2 class=\"blockspare-posts-block-post-grid-title\">\n          <a href=\"https:\/\/agromedios.com\/new\/kawasaki-revoluciona-la-inspeccion-industrial-con-su-robot-cuadrupedo-coroleo\/\" class=\"blockspare-posts-block-title-link\" rel=\"bookmark\">\n            <span>Kawasaki revoluciona la inspecci\u00f3n industrial con su robot cuadr\u00fapedo Coroleo<\/span>\n          <\/a>\n        <\/h2>\n            <!-- blockspare-posts-block-post-grid-title -->\n\n      <!-- blockspare-posts-block-post-grid-byline -->\n      <div class=\"blockspare-posts-block-post-grid-byline\">\n        <!-- blockspare-posts-block-post-grid-author -->\n                <!-- blockspare-posts-block-post-grid-author -->\n\n        <!-- blockspare-posts-block-post-grid-date -->\n                <!-- blockspare-posts-block-post-grid-date -->\n\n        <!-- comment_count -->\n                <!-- comment_count -->\n      <\/div>\n      <!-- blockspare-posts-block-post-grid-byline -->\n    <\/header>\n    <!-- blockspare-posts-block-post-grid-header -->\n\n        <!-- blockspare-posts-block-post-grid-excerpt -->\n          <div class=\"blockspare-posts-block-post-grid-excerpt\">\n        <!-- blockspare-posts-block-post-grid-excerpt-content -->\n                  <div class=\"blockspare-posts-block-post-grid-excerpt-content\">\n            https:\/\/youtu.be\/VQag8D31xEk En un paso significativo hacia la automatizaci\u00f3n de entornos complejos, Kawasaki Heavy Industries consolida el desarrollo de Coroleo, su plataforma rob\u00f3tica cuadr\u00fapeda dise\u00f1ada para la inspecci\u00f3n industrial y la&hellip;          <\/div>\n                <!-- blockspare-posts-block-post-grid-excerpt-content -->\n        <!-- blockspare-posts-block-post-grid-more-link -->\n                  <p>\n            <a class=\"blockspare-posts-block-post-grid-more-link blockspare-posts-block-text-link\" href=\"https:\/\/agromedios.com\/new\/kawasaki-revoluciona-la-inspeccion-industrial-con-su-robot-cuadrupedo-coroleo\/\" aria-label=\"Read more about Kawasaki revoluciona la inspecci\u00f3n industrial con su robot cuadr\u00fapedo Coroleo\">\n              <span aria-hidden=\"true\">Leer m\u00e1s<\/span>\n            <\/a>\n\n          <\/p>\n                <!-- blockspare-posts-block-post-grid-more-link -->\n      <\/div>\n        <!-- blockspare-posts-block-post-grid-excerpt -->\n\n  <\/div>\n            <\/div>\n                                <div id=\"18961\" class=\"blockspare-posts-block-post-single blockspare-hover-item  blockspare-hover-child bs-has-equal-height\">\n                  <figure class=\"blockspare-posts-block-post-img hover-child\">\n      <a href=\"https:\/\/agromedios.com\/new\/el-novillo-de-exportacion-volvio-a-subir-y-alcanzo-un-nuevo-record-nominal\/\" aria-label=\"El novillo de exportaci\u00f3n volvi\u00f3 a subir y alcanz\u00f3 un nuevo r\u00e9cord nominal\">\n        <img loading=\"lazy\" decoding=\"async\" width=\"562\" height=\"355\" src=\"https:\/\/agromedios.com\/new\/wp-content\/uploads\/2026\/09\/images-1.jpeg\" class=\"attachment-full size-full\" alt=\"\" \/>      <\/a>\n          <\/figure>\n                  <div class=\"blockspare-posts-block-post-content  content-order-5 lpc-title-hover\">\n    <div class=\"blockspare-posts-block-bg-overlay\"><\/div>\n    <!-- blockspare-posts-block-post-grid-header -->\n    <header class=\"blockspare-posts-block-post-grid-header\">\n      <!--display category when feature image is disable -->\n            <!--display category when feature image is enable-->\n              <!-- Category     -->\n        <div class=\"blockspare-posts-block-post-category\">\n                              <a href=\"\" class=\"category tag\" >B2<\/a> \n                            <\/div>\n        <!-- Category     -->\n            <!-- blockspare-posts-block-post-grid-title -->\n              <h2 class=\"blockspare-posts-block-post-grid-title\">\n          <a href=\"https:\/\/agromedios.com\/new\/el-novillo-de-exportacion-volvio-a-subir-y-alcanzo-un-nuevo-record-nominal\/\" class=\"blockspare-posts-block-title-link\" rel=\"bookmark\">\n            <span>El novillo de exportaci\u00f3n volvi\u00f3 a subir y alcanz\u00f3 un nuevo r\u00e9cord nominal<\/span>\n          <\/a>\n        <\/h2>\n            <!-- blockspare-posts-block-post-grid-title -->\n\n      <!-- blockspare-posts-block-post-grid-byline -->\n      <div class=\"blockspare-posts-block-post-grid-byline\">\n        <!-- blockspare-posts-block-post-grid-author -->\n                <!-- blockspare-posts-block-post-grid-author -->\n\n        <!-- blockspare-posts-block-post-grid-date -->\n                <!-- blockspare-posts-block-post-grid-date -->\n\n        <!-- comment_count -->\n                <!-- comment_count -->\n      <\/div>\n      <!-- blockspare-posts-block-post-grid-byline -->\n    <\/header>\n    <!-- blockspare-posts-block-post-grid-header -->\n\n        <!-- blockspare-posts-block-post-grid-excerpt -->\n          <div class=\"blockspare-posts-block-post-grid-excerpt\">\n        <!-- blockspare-posts-block-post-grid-excerpt-content -->\n                  <div class=\"blockspare-posts-block-post-grid-excerpt-content\">\n            El mercado ganadero mantiene su firmeza y dinamismo. En la \u00faltima semana, el novillo tipo exportaci\u00f3n cotiz\u00f3 a USD 6,10 por kilo, de acuerdo a INAC por lo que representa&hellip;          <\/div>\n                <!-- blockspare-posts-block-post-grid-excerpt-content -->\n        <!-- blockspare-posts-block-post-grid-more-link -->\n                  <p>\n            <a class=\"blockspare-posts-block-post-grid-more-link blockspare-posts-block-text-link\" href=\"https:\/\/agromedios.com\/new\/el-novillo-de-exportacion-volvio-a-subir-y-alcanzo-un-nuevo-record-nominal\/\" aria-label=\"Read more about El novillo de exportaci\u00f3n volvi\u00f3 a subir y alcanz\u00f3 un nuevo r\u00e9cord nominal\">\n              <span aria-hidden=\"true\">Leer m\u00e1s<\/span>\n            <\/a>\n\n          <\/p>\n                <!-- blockspare-posts-block-post-grid-more-link -->\n      <\/div>\n        <!-- blockspare-posts-block-post-grid-excerpt -->\n\n  <\/div>\n            <\/div>\n                    \n\n\n      <\/div>\n\n          <\/section>\n\n\n\n  <\/div>\n<\/div>\n\n\n\n<div class=\"wp-block-column is-layout-flow wp-block-column-is-layout-flow\" style=\"flex-basis:33.33%\">\n<div class=\"wp-block-essential-blocks-infobox  root-eb-infobox-hh7dt4w\"><div class=\"eb-parent-wrapper eb-parent-eb-infobox-hh7dt4w \"><div class=\"eb-infobox-hh7dt4w eb-infobox-wrapper\"><div class=\"infobox-wrapper-inner\"><div class=\"icon-img-wrapper\"><div class=\"eb-infobox-image-wrapper\"><div class=\"eb-image-wrapper\"><div class=\"eb-image-wrapper-inner eb-infobox-image\"><img decoding=\"async\" src=\"https:\/\/agromedios.com\/new\/wp-content\/uploads\/2025\/05\/plantilla-fotos-suplementos-web.jpg\" alt=\"\"\/><\/div><\/div><\/div><\/div><div class=\"contents-wrapper\"><h3 class=\"title\">Reciba nuestros suplementos<\/h3><div class=\"eb-button-inner-wrapper eb-infobox-btn-wrapper\"><a class=\"eb-button-anchor hvr-fade infobox-btn  hvr-fade \" href=\"https:\/\/agromedios.com\/new\/suscripcion-a-suplementos-agromedios\/\" rel=\"noopener\">Solicitar ejemplares<\/a><\/div><\/div><\/div><\/div><\/div><\/div>\n<\/div>\n<\/div>\n<\/div><\/div>\n\n\n\n<div class=\"wp-block-blockspare-blockspare-container alignfull blockspare-7ed93594-eed9-4\" blockspare-animation=\"\"><style>.blockspare-7ed93594-eed9-4 > .blockspare-block-container-wrapper{background-color:#f9f9f9;padding-top:20px;padding-right:20px;padding-bottom:20px;padding-left:20px;margin-top:30px;margin-right:0px;margin-bottom:30px;margin-left:0px;border-radius:0}.blockspare-7ed93594-eed9-4 .blockspare-image-wrap{background-image:none}<\/style><div class=\"blockspare-block-container-wrapper blockspare-hover-item\"><div class=\"blockspare-container-background blockspare-image-wrap has-background-opacity-100 has-background-opacity\"><\/div><div class=\"blockspare-container\"><div class=\"blockspare-inner-blocks blockspare-inner-wrapper-blocks\">\n<div class=\"wp-block-essential-blocks-advanced-image alignwide  root-eb-advanced-image-iqpf8\"><div class=\"eb-parent-wrapper eb-parent-eb-advanced-image-iqpf8 \"><figure class=\"eb-advanced-image-wrapper eb-advanced-image-iqpf8 no-effect\" data-id=\"eb-advanced-image-iqpf8\"><div class=\"eb-image-wrapper\"><div class=\"eb-image-wrapper-inner eb-img-style-square\"><img decoding=\"async\" src=\"https:\/\/agromedios.com\/new\/wp-content\/uploads\/2025\/04\/BSE-ESCRITORIO-1024x95.jpg\" alt=\"\"\/><\/div><a class=\"eb-image-link\" href=\"https:\/\/www.bse.com.uy\/portal-comercial\/seguros\/seguros-agropecuarios\" target=\"_blank\" rel=\"noopener\"><\/a><\/div><\/figure><\/div><\/div>\n<\/div><\/div><\/div><\/div>\n\n\n\n<div class=\"wp-block-columns is-layout-flex wp-container-core-columns-is-layout-8f761849 wp-block-columns-is-layout-flex\">\n<div class=\"wp-block-column is-layout-flow wp-block-column-is-layout-flow\" style=\"flex-basis:66.66%\"><div class=\"wp-block-blockspare-posts-block-blockspare-posts-block-latest-posts alignwide   blockspare-1bab0f4a-d706-4\" blockspare-animation=\"\">\n  \n    <section class=\"blockspare-posts-block-post-wrap\">\n      <div class=\"blockspare-posts-block-latest-post-wrap blockspare-posts-block-is-grid has-gutter-20 column-4  blockspare-posts-block-grid-layout-4\">\n                    <div id=\"18908\" class=\"blockspare-posts-block-post-single blockspare-hover-item  blockspare-hover-child bs-has-equal-height\">\n                  <figure class=\"blockspare-posts-block-post-img hover-child\">\n      <a href=\"https:\/\/agromedios.com\/new\/la-demanda-china-mueve-la-soja-rumbo-a-los-us-500-por-tonelada\/\" aria-label=\"La demanda China mueve la soja rumbo a los US$ 500 por tonelada\">\n        <img loading=\"lazy\" decoding=\"async\" width=\"678\" height=\"452\" src=\"https:\/\/agromedios.com\/new\/wp-content\/uploads\/2026\/09\/images.jpeg\" class=\"attachment-full size-full\" alt=\"\" \/>      <\/a>\n          <\/figure>\n                  <div class=\"blockspare-posts-block-post-content  content-order-5 lpc-title-hover\">\n    <div class=\"blockspare-posts-block-bg-overlay\"><\/div>\n    <!-- blockspare-posts-block-post-grid-header -->\n    <header class=\"blockspare-posts-block-post-grid-header\">\n      <!--display category when feature image is disable -->\n            <!--display category when feature image is enable-->\n              <!-- Category     -->\n        <div class=\"blockspare-posts-block-post-category\">\n                              <a href=\"\" class=\"category tag\" >C1<\/a> \n                            <\/div>\n        <!-- Category     -->\n            <!-- blockspare-posts-block-post-grid-title -->\n              <h2 class=\"blockspare-posts-block-post-grid-title\">\n          <a href=\"https:\/\/agromedios.com\/new\/la-demanda-china-mueve-la-soja-rumbo-a-los-us-500-por-tonelada\/\" class=\"blockspare-posts-block-title-link\" rel=\"bookmark\">\n            <span>La demanda China mueve la soja rumbo a los US$ 500 por tonelada<\/span>\n          <\/a>\n        <\/h2>\n            <!-- blockspare-posts-block-post-grid-title -->\n\n      <!-- blockspare-posts-block-post-grid-byline -->\n      <div class=\"blockspare-posts-block-post-grid-byline\">\n        <!-- blockspare-posts-block-post-grid-author -->\n                <!-- blockspare-posts-block-post-grid-author -->\n\n        <!-- blockspare-posts-block-post-grid-date -->\n                <!-- blockspare-posts-block-post-grid-date -->\n\n        <!-- comment_count -->\n                <!-- comment_count -->\n      <\/div>\n      <!-- blockspare-posts-block-post-grid-byline -->\n    <\/header>\n    <!-- blockspare-posts-block-post-grid-header -->\n\n        <!-- blockspare-posts-block-post-grid-excerpt -->\n          <div class=\"blockspare-posts-block-post-grid-excerpt\">\n        <!-- blockspare-posts-block-post-grid-excerpt-content -->\n                  <div class=\"blockspare-posts-block-post-grid-excerpt-content\">\n            La cotizaci\u00f3n internacional de la soja super\u00f3 los 480 d\u00f3lares por tonelada y alcanz\u00f3 su valor m\u00e1s alto en los \u00faltimos a\u00f1os, impulsada por la sostenida demanda compradora de China&hellip;          <\/div>\n                <!-- blockspare-posts-block-post-grid-excerpt-content -->\n        <!-- blockspare-posts-block-post-grid-more-link -->\n                  <p>\n            <a class=\"blockspare-posts-block-post-grid-more-link blockspare-posts-block-text-link\" href=\"https:\/\/agromedios.com\/new\/la-demanda-china-mueve-la-soja-rumbo-a-los-us-500-por-tonelada\/\" aria-label=\"Read more about La demanda China mueve la soja rumbo a los US$ 500 por tonelada\">\n              <span aria-hidden=\"true\">Leer m\u00e1s<\/span>\n            <\/a>\n\n          <\/p>\n                <!-- blockspare-posts-block-post-grid-more-link -->\n      <\/div>\n        <!-- blockspare-posts-block-post-grid-excerpt -->\n\n  <\/div>\n            <\/div>\n                                <div id=\"18905\" class=\"blockspare-posts-block-post-single blockspare-hover-item  blockspare-hover-child bs-has-equal-height\">\n                  <figure class=\"blockspare-posts-block-post-img hover-child\">\n      <a href=\"https:\/\/agromedios.com\/new\/la-union-europea-suspende-la-importacion-de-carne-vacuna-y-de-ave-procedente-de-brasil-por-incumplimiento-de-normas-sanitarias\/\" aria-label=\"La Uni\u00f3n Europea suspende la importaci\u00f3n de carne vacuna y de ave procedente de Brasil por incumplimiento de normas sanitarias\">\n        <img loading=\"lazy\" decoding=\"async\" width=\"900\" height=\"592\" src=\"https:\/\/agromedios.com\/new\/wp-content\/uploads\/2026\/09\/Brasil-debe-probar-que-no-usa-antibioticos-para-poder-exportar-carne-a-la-UE.webp\" class=\"attachment-full size-full\" alt=\"\" \/>      <\/a>\n          <\/figure>\n                  <div class=\"blockspare-posts-block-post-content  content-order-5 lpc-title-hover\">\n    <div class=\"blockspare-posts-block-bg-overlay\"><\/div>\n    <!-- blockspare-posts-block-post-grid-header -->\n    <header class=\"blockspare-posts-block-post-grid-header\">\n      <!--display category when feature image is disable -->\n            <!--display category when feature image is enable-->\n              <!-- Category     -->\n        <div class=\"blockspare-posts-block-post-category\">\n                              <a href=\"\" class=\"category tag\" >C1<\/a> \n                            <\/div>\n        <!-- Category     -->\n            <!-- blockspare-posts-block-post-grid-title -->\n              <h2 class=\"blockspare-posts-block-post-grid-title\">\n          <a href=\"https:\/\/agromedios.com\/new\/la-union-europea-suspende-la-importacion-de-carne-vacuna-y-de-ave-procedente-de-brasil-por-incumplimiento-de-normas-sanitarias\/\" class=\"blockspare-posts-block-title-link\" rel=\"bookmark\">\n            <span>La Uni\u00f3n Europea suspende la importaci\u00f3n de carne vacuna y de ave procedente de Brasil por incumplimiento de normas sanitarias<\/span>\n          <\/a>\n        <\/h2>\n            <!-- blockspare-posts-block-post-grid-title -->\n\n      <!-- blockspare-posts-block-post-grid-byline -->\n      <div class=\"blockspare-posts-block-post-grid-byline\">\n        <!-- blockspare-posts-block-post-grid-author -->\n                <!-- blockspare-posts-block-post-grid-author -->\n\n        <!-- blockspare-posts-block-post-grid-date -->\n                <!-- blockspare-posts-block-post-grid-date -->\n\n        <!-- comment_count -->\n                <!-- comment_count -->\n      <\/div>\n      <!-- blockspare-posts-block-post-grid-byline -->\n    <\/header>\n    <!-- blockspare-posts-block-post-grid-header -->\n\n        <!-- blockspare-posts-block-post-grid-excerpt -->\n          <div class=\"blockspare-posts-block-post-grid-excerpt\">\n        <!-- blockspare-posts-block-post-grid-excerpt-content -->\n                  <div class=\"blockspare-posts-block-post-grid-excerpt-content\">\n            La Comisi\u00f3n Europea anunci\u00f3 este lunes la suspensi\u00f3n de todas las importaciones de carne de vacuno y de aves de corral procedentes de Brasil. La medida entrar\u00e1 en vigor a&hellip;          <\/div>\n                <!-- blockspare-posts-block-post-grid-excerpt-content -->\n        <!-- blockspare-posts-block-post-grid-more-link -->\n                  <p>\n            <a class=\"blockspare-posts-block-post-grid-more-link blockspare-posts-block-text-link\" href=\"https:\/\/agromedios.com\/new\/la-union-europea-suspende-la-importacion-de-carne-vacuna-y-de-ave-procedente-de-brasil-por-incumplimiento-de-normas-sanitarias\/\" aria-label=\"Read more about La Uni\u00f3n Europea suspende la importaci\u00f3n de carne vacuna y de ave procedente de Brasil por incumplimiento de normas sanitarias\">\n              <span aria-hidden=\"true\">Leer m\u00e1s<\/span>\n            <\/a>\n\n          <\/p>\n                <!-- blockspare-posts-block-post-grid-more-link -->\n      <\/div>\n        <!-- blockspare-posts-block-post-grid-excerpt -->\n\n  <\/div>\n            <\/div>\n                    \n\n\n      <\/div>\n\n          <\/section>\n\n\n\n  <\/div>\n<\/div>\n\n\n\n<div class=\"wp-block-column is-layout-flow wp-block-column-is-layout-flow\" style=\"flex-basis:33.33%\">\n<div class=\"wp-block-essential-blocks-advanced-image  root-eb-advanced-image-asi162v\"><div class=\"eb-parent-wrapper eb-parent-eb-advanced-image-asi162v \"><figure class=\"eb-advanced-image-wrapper eb-advanced-image-asi162v no-effect\" data-id=\"eb-advanced-image-asi162v\"><div class=\"eb-image-wrapper\"><div class=\"eb-image-wrapper-inner eb-img-style-square\"><img decoding=\"async\" src=\"https:\/\/agromedios.com\/new\/wp-content\/uploads\/2025\/11\/agromedios_emision.jpg\" alt=\"\"\/><\/div><a class=\"eb-image-link\" href=\"https:\/\/www.youtube.com\/live\/etosDA1z9kU\" target=\"_blank\" rel=\"noopener\"><\/a><\/div><\/figure><\/div><\/div>\n<\/div>\n<\/div>\n\n\n\n<div class=\"wp-block-essential-blocks-advanced-image  root-eb-advanced-image-y585vzm\"><div class=\"eb-parent-wrapper eb-parent-eb-advanced-image-y585vzm \"><figure class=\"eb-advanced-image-wrapper eb-advanced-image-y585vzm no-effect\" data-id=\"eb-advanced-image-y585vzm\"><div class=\"eb-image-wrapper\"><div class=\"eb-image-wrapper-inner eb-img-style-square\"><img decoding=\"async\" src=\"https:\/\/agromedios.com\/new\/wp-content\/uploads\/2025\/04\/nucleados-banner-horizontal-version-escritorio-1024x95.jpg\" alt=\"\"\/><\/div><a class=\"eb-image-link\" href=\"https:\/\/nuclea2.com\/grupo-de-compra-combustible\/\" target=\"_blank\" rel=\"noopener\"><\/a><\/div><\/figure><\/div><\/div>\n\n\n<div class=\"wp-block-blockspare-posts-block-blockspare-posts-block-latest-posts alignwide   blockspare-befe5183-96ed-4\" blockspare-animation=\"\">\n  \n    <section class=\"blockspare-posts-block-post-wrap\">\n      <div class=\"blockspare-posts-block-latest-post-wrap blockspare-posts-block-is-grid has-gutter-20 column-3  blockspare-posts-block-grid-layout-4\">\n                    <div id=\"18880\" class=\"blockspare-posts-block-post-single blockspare-hover-item  blockspare-hover-child bs-has-equal-height\">\n                  <figure class=\"blockspare-posts-block-post-img hover-child\">\n      <a href=\"https:\/\/agromedios.com\/new\/sembradoras-en-marcha-el-maiz-de-primera-abre-la-cancha-en-una-zafra-que-busca-piso-de-300-mil-hectareas\/\" aria-label=\"Sembradoras en marcha: el ma\u00edz de primera abre la cancha en una zafra que busca piso de 300 mil hect\u00e1reas\">\n        <img loading=\"lazy\" decoding=\"async\" width=\"1118\" height=\"938\" src=\"https:\/\/agromedios.com\/new\/wp-content\/uploads\/2026\/08\/siembra-maiz-1024x859.jpg\" class=\"attachment-full size-full\" alt=\"\" \/>      <\/a>\n          <\/figure>\n                  <div class=\"blockspare-posts-block-post-content  content-order-5 lpc-title-hover\">\n    <div class=\"blockspare-posts-block-bg-overlay\"><\/div>\n    <!-- blockspare-posts-block-post-grid-header -->\n    <header class=\"blockspare-posts-block-post-grid-header\">\n      <!--display category when feature image is disable -->\n            <!--display category when feature image is enable-->\n              <!-- Category     -->\n        <div class=\"blockspare-posts-block-post-category\">\n                              <a href=\"\" class=\"category tag\" >C2<\/a> \n                            <\/div>\n        <!-- Category     -->\n            <!-- blockspare-posts-block-post-grid-title -->\n              <h2 class=\"blockspare-posts-block-post-grid-title\">\n          <a href=\"https:\/\/agromedios.com\/new\/sembradoras-en-marcha-el-maiz-de-primera-abre-la-cancha-en-una-zafra-que-busca-piso-de-300-mil-hectareas\/\" class=\"blockspare-posts-block-title-link\" rel=\"bookmark\">\n            <span>Sembradoras en marcha: el ma\u00edz de primera abre la cancha en una zafra que busca piso de 300 mil hect\u00e1reas<\/span>\n          <\/a>\n        <\/h2>\n            <!-- blockspare-posts-block-post-grid-title -->\n\n      <!-- blockspare-posts-block-post-grid-byline -->\n      <div class=\"blockspare-posts-block-post-grid-byline\">\n        <!-- blockspare-posts-block-post-grid-author -->\n                <!-- blockspare-posts-block-post-grid-author -->\n\n        <!-- blockspare-posts-block-post-grid-date -->\n                <!-- blockspare-posts-block-post-grid-date -->\n\n        <!-- comment_count -->\n                <!-- comment_count -->\n      <\/div>\n      <!-- blockspare-posts-block-post-grid-byline -->\n    <\/header>\n    <!-- blockspare-posts-block-post-grid-header -->\n\n        <!-- blockspare-posts-block-post-grid-excerpt -->\n          <div class=\"blockspare-posts-block-post-grid-excerpt\">\n        <!-- blockspare-posts-block-post-grid-excerpt-content -->\n                  <div class=\"blockspare-posts-block-post-grid-excerpt-content\">\n            Con el impulso de las condiciones clim\u00e1ticas y la b\u00fasqueda de revancha productiva, arranco oficialmente la siembra de ma\u00edz de primera en el pa\u00eds. El cultivo insignia de la primavera&hellip;          <\/div>\n                <!-- blockspare-posts-block-post-grid-excerpt-content -->\n        <!-- blockspare-posts-block-post-grid-more-link -->\n                  <p>\n            <a class=\"blockspare-posts-block-post-grid-more-link blockspare-posts-block-text-link\" href=\"https:\/\/agromedios.com\/new\/sembradoras-en-marcha-el-maiz-de-primera-abre-la-cancha-en-una-zafra-que-busca-piso-de-300-mil-hectareas\/\" aria-label=\"Read more about Sembradoras en marcha: el ma\u00edz de primera abre la cancha en una zafra que busca piso de 300 mil hect\u00e1reas\">\n              <span aria-hidden=\"true\">Leer m\u00e1s<\/span>\n            <\/a>\n\n          <\/p>\n                <!-- blockspare-posts-block-post-grid-more-link -->\n      <\/div>\n        <!-- blockspare-posts-block-post-grid-excerpt -->\n\n  <\/div>\n            <\/div>\n                                <div id=\"18873\" class=\"blockspare-posts-block-post-single blockspare-hover-item  blockspare-hover-child bs-has-equal-height\">\n                  <figure class=\"blockspare-posts-block-post-img hover-child\">\n      <a href=\"https:\/\/agromedios.com\/new\/el-mgap-implementara-vacunacion-gratuita-contra-la-tristeza-parasitaria-para-pequenos-productores\/\" aria-label=\"El MGAP implementar\u00e1 vacunaci\u00f3n gratuita contra la tristeza parasitaria para peque\u00f1os productores\">\n        <img loading=\"lazy\" decoding=\"async\" width=\"2560\" height=\"1707\" src=\"https:\/\/agromedios.com\/new\/wp-content\/uploads\/2026\/08\/UYPRESC017301-1024x683.jpg\" class=\"attachment-full size-full\" alt=\"\" \/>      <\/a>\n          <\/figure>\n                  <div class=\"blockspare-posts-block-post-content  content-order-5 lpc-title-hover\">\n    <div class=\"blockspare-posts-block-bg-overlay\"><\/div>\n    <!-- blockspare-posts-block-post-grid-header -->\n    <header class=\"blockspare-posts-block-post-grid-header\">\n      <!--display category when feature image is disable -->\n            <!--display category when feature image is enable-->\n              <!-- Category     -->\n        <div class=\"blockspare-posts-block-post-category\">\n                              <a href=\"\" class=\"category tag\" >C2<\/a> \n                            <\/div>\n        <!-- Category     -->\n            <!-- blockspare-posts-block-post-grid-title -->\n              <h2 class=\"blockspare-posts-block-post-grid-title\">\n          <a href=\"https:\/\/agromedios.com\/new\/el-mgap-implementara-vacunacion-gratuita-contra-la-tristeza-parasitaria-para-pequenos-productores\/\" class=\"blockspare-posts-block-title-link\" rel=\"bookmark\">\n            <span>El MGAP implementar\u00e1 vacunaci\u00f3n gratuita contra la tristeza parasitaria para peque\u00f1os productores<\/span>\n          <\/a>\n        <\/h2>\n            <!-- blockspare-posts-block-post-grid-title -->\n\n      <!-- blockspare-posts-block-post-grid-byline -->\n      <div class=\"blockspare-posts-block-post-grid-byline\">\n        <!-- blockspare-posts-block-post-grid-author -->\n                <!-- blockspare-posts-block-post-grid-author -->\n\n        <!-- blockspare-posts-block-post-grid-date -->\n                <!-- blockspare-posts-block-post-grid-date -->\n\n        <!-- comment_count -->\n                <!-- comment_count -->\n      <\/div>\n      <!-- blockspare-posts-block-post-grid-byline -->\n    <\/header>\n    <!-- blockspare-posts-block-post-grid-header -->\n\n        <!-- blockspare-posts-block-post-grid-excerpt -->\n          <div class=\"blockspare-posts-block-post-grid-excerpt\">\n        <!-- blockspare-posts-block-post-grid-excerpt-content -->\n                  <div class=\"blockspare-posts-block-post-grid-excerpt-content\">\n            Los peque\u00f1os productores ganaderos inscriptos en el Instituto Nacional de Colonizaci\u00f3n (INC) y en el programa Procr\u00eda ser\u00e1n los primeros en acceder de forma gratuita a una hemovacuna contra la&hellip;          <\/div>\n                <!-- blockspare-posts-block-post-grid-excerpt-content -->\n        <!-- blockspare-posts-block-post-grid-more-link -->\n                  <p>\n            <a class=\"blockspare-posts-block-post-grid-more-link blockspare-posts-block-text-link\" href=\"https:\/\/agromedios.com\/new\/el-mgap-implementara-vacunacion-gratuita-contra-la-tristeza-parasitaria-para-pequenos-productores\/\" aria-label=\"Read more about El MGAP implementar\u00e1 vacunaci\u00f3n gratuita contra la tristeza parasitaria para peque\u00f1os productores\">\n              <span aria-hidden=\"true\">Leer m\u00e1s<\/span>\n            <\/a>\n\n          <\/p>\n                <!-- blockspare-posts-block-post-grid-more-link -->\n      <\/div>\n        <!-- blockspare-posts-block-post-grid-excerpt -->\n\n  <\/div>\n            <\/div>\n                                <div id=\"18868\" class=\"blockspare-posts-block-post-single blockspare-hover-item  blockspare-hover-child bs-has-equal-height\">\n                  <figure class=\"blockspare-posts-block-post-img hover-child\">\n      <a href=\"https:\/\/agromedios.com\/new\/gobierno-inauguro-obras-en-la-ruta-4-de-paysandu-con-una-inversion-de-us-255-millones\/\" aria-label=\"Gobierno inaugur\u00f3 obras en la ruta 4 de Paysand\u00fa con una inversi\u00f3n de US$ 25,5 millones\">\n        <img loading=\"lazy\" decoding=\"async\" width=\"2560\" height=\"1707\" src=\"https:\/\/agromedios.com\/new\/wp-content\/uploads\/2026\/08\/Y3A094122188.jpg-1024x683.jpeg\" class=\"attachment-full size-full\" alt=\"\" \/>      <\/a>\n          <\/figure>\n                  <div class=\"blockspare-posts-block-post-content  content-order-5 lpc-title-hover\">\n    <div class=\"blockspare-posts-block-bg-overlay\"><\/div>\n    <!-- blockspare-posts-block-post-grid-header -->\n    <header class=\"blockspare-posts-block-post-grid-header\">\n      <!--display category when feature image is disable -->\n            <!--display category when feature image is enable-->\n              <!-- Category     -->\n        <div class=\"blockspare-posts-block-post-category\">\n                              <a href=\"\" class=\"category tag\" >C2<\/a> \n                            <\/div>\n        <!-- Category     -->\n            <!-- blockspare-posts-block-post-grid-title -->\n              <h2 class=\"blockspare-posts-block-post-grid-title\">\n          <a href=\"https:\/\/agromedios.com\/new\/gobierno-inauguro-obras-en-la-ruta-4-de-paysandu-con-una-inversion-de-us-255-millones\/\" class=\"blockspare-posts-block-title-link\" rel=\"bookmark\">\n            <span>Gobierno inaugur\u00f3 obras en la ruta 4 de Paysand\u00fa con una inversi\u00f3n de US$ 25,5 millones<\/span>\n          <\/a>\n        <\/h2>\n            <!-- blockspare-posts-block-post-grid-title -->\n\n      <!-- blockspare-posts-block-post-grid-byline -->\n      <div class=\"blockspare-posts-block-post-grid-byline\">\n        <!-- blockspare-posts-block-post-grid-author -->\n                <!-- blockspare-posts-block-post-grid-author -->\n\n        <!-- blockspare-posts-block-post-grid-date -->\n                <!-- blockspare-posts-block-post-grid-date -->\n\n        <!-- comment_count -->\n                <!-- comment_count -->\n      <\/div>\n      <!-- blockspare-posts-block-post-grid-byline -->\n    <\/header>\n    <!-- blockspare-posts-block-post-grid-header -->\n\n        <!-- blockspare-posts-block-post-grid-excerpt -->\n          <div class=\"blockspare-posts-block-post-grid-excerpt\">\n        <!-- blockspare-posts-block-post-grid-excerpt-content -->\n                  <div class=\"blockspare-posts-block-post-grid-excerpt-content\">\n            El gobierno nacional dej\u00f3 inauguradas de forma oficial las nuevas obras de infraestructura vial sobre la ruta 4, en un tramo estrat\u00e9gico que une en su primera etapa a la&hellip;          <\/div>\n                <!-- blockspare-posts-block-post-grid-excerpt-content -->\n        <!-- blockspare-posts-block-post-grid-more-link -->\n                  <p>\n            <a class=\"blockspare-posts-block-post-grid-more-link blockspare-posts-block-text-link\" href=\"https:\/\/agromedios.com\/new\/gobierno-inauguro-obras-en-la-ruta-4-de-paysandu-con-una-inversion-de-us-255-millones\/\" aria-label=\"Read more about Gobierno inaugur\u00f3 obras en la ruta 4 de Paysand\u00fa con una inversi\u00f3n de US$ 25,5 millones\">\n              <span aria-hidden=\"true\">Leer m\u00e1s<\/span>\n            <\/a>\n\n          <\/p>\n                <!-- blockspare-posts-block-post-grid-more-link -->\n      <\/div>\n        <!-- blockspare-posts-block-post-grid-excerpt -->\n\n  <\/div>\n            <\/div>\n                    \n\n\n      <\/div>\n\n          <\/section>\n\n\n\n  <\/div>\n\n\n\n<div class=\"wp-block-blockspare-blockspare-container alignfull blockspare-c37301f8-9859-4\" blockspare-animation=\"\"><style>.blockspare-c37301f8-9859-4 > .blockspare-block-container-wrapper{background-color:#f9f9f9;padding-top:20px;padding-right:20px;padding-bottom:20px;padding-left:20px;margin-top:30px;margin-right:0px;margin-bottom:30px;margin-left:0px;border-radius:0}.blockspare-c37301f8-9859-4 .blockspare-image-wrap{background-image:none}<\/style><div class=\"blockspare-block-container-wrapper blockspare-hover-item\"><div class=\"blockspare-container-background blockspare-image-wrap has-background-opacity-100 has-background-opacity\"><\/div><div class=\"blockspare-container\"><div class=\"blockspare-inner-blocks blockspare-inner-wrapper-blocks\">\n<figure class=\"wp-block-image alignwide size-large\"><a href=\"https:\/\/wa.me\/59899697834?text=Quiero%20publicitar%20en%20su%20web%20agromedios.com\"><img loading=\"lazy\" decoding=\"async\" width=\"1024\" height=\"95\" src=\"https:\/\/agromedios.com\/new\/wp-content\/uploads\/2025\/10\/AGROMEDIOS-PUBLICITE-AQUI-1024x95.png\" alt=\"\" class=\"wp-image-13222\" srcset=\"https:\/\/agromedios.com\/new\/wp-content\/uploads\/2025\/10\/AGROMEDIOS-PUBLICITE-AQUI-1024x95.png 1024w, https:\/\/agromedios.com\/new\/wp-content\/uploads\/2025\/10\/AGROMEDIOS-PUBLICITE-AQUI-300x28.png 300w, https:\/\/agromedios.com\/new\/wp-content\/uploads\/2025\/10\/AGROMEDIOS-PUBLICITE-AQUI-768x71.png 768w, https:\/\/agromedios.com\/new\/wp-content\/uploads\/2025\/10\/AGROMEDIOS-PUBLICITE-AQUI-1536x143.png 1536w, https:\/\/agromedios.com\/new\/wp-content\/uploads\/2025\/10\/AGROMEDIOS-PUBLICITE-AQUI-2048x190.png 2048w\" sizes=\"(max-width: 1024px) 100vw, 1024px\" \/><\/a><\/figure>\n<\/div><\/div><\/div><\/div>\n\n\n\n<div class=\"wp-block-columns is-layout-flex wp-container-core-columns-is-layout-8f761849 wp-block-columns-is-layout-flex\">\n<div class=\"wp-block-column is-layout-flow wp-block-column-is-layout-flow\" style=\"flex-basis:66.66%\"><div class=\"wp-block-blockspare-posts-block-blockspare-posts-block-latest-posts alignwide   blockspare-d6888ca3-6ede-4\" blockspare-animation=\"\">\n  \n    <section class=\"blockspare-posts-block-post-wrap\">\n      <div class=\"blockspare-posts-block-latest-post-wrap blockspare-posts-block-is-grid has-gutter-20 column-4  blockspare-posts-block-grid-layout-4\">\n                    <div id=\"18930\" class=\"blockspare-posts-block-post-single blockspare-hover-item  blockspare-hover-child bs-has-equal-height\">\n                  <figure class=\"blockspare-posts-block-post-img hover-child\">\n      <a href=\"https:\/\/agromedios.com\/new\/plaza-rural-con-singular-firmeza-y-sello-hereford\/\" aria-label=\"Plaza Rural con singular firmeza y sello Hereford\">\n        <img loading=\"lazy\" decoding=\"async\" width=\"1080\" height=\"1071\" src=\"https:\/\/agromedios.com\/new\/wp-content\/uploads\/2026\/09\/PHOTO-2026-09-03-10-53-05-1024x1015.jpg\" class=\"attachment-full size-full\" alt=\"\" \/>      <\/a>\n          <\/figure>\n                  <div class=\"blockspare-posts-block-post-content  content-order-5 lpc-title-hover\">\n    <div class=\"blockspare-posts-block-bg-overlay\"><\/div>\n    <!-- blockspare-posts-block-post-grid-header -->\n    <header class=\"blockspare-posts-block-post-grid-header\">\n      <!--display category when feature image is disable -->\n            <!--display category when feature image is enable-->\n              <!-- Category     -->\n        <div class=\"blockspare-posts-block-post-category\">\n                              <a href=\"\" class=\"category tag\" >D1<\/a> \n                            <\/div>\n        <!-- Category     -->\n            <!-- blockspare-posts-block-post-grid-title -->\n              <h2 class=\"blockspare-posts-block-post-grid-title\">\n          <a href=\"https:\/\/agromedios.com\/new\/plaza-rural-con-singular-firmeza-y-sello-hereford\/\" class=\"blockspare-posts-block-title-link\" rel=\"bookmark\">\n            <span>Plaza Rural con singular firmeza y sello Hereford<\/span>\n          <\/a>\n        <\/h2>\n            <!-- blockspare-posts-block-post-grid-title -->\n\n      <!-- blockspare-posts-block-post-grid-byline -->\n      <div class=\"blockspare-posts-block-post-grid-byline\">\n        <!-- blockspare-posts-block-post-grid-author -->\n                <!-- blockspare-posts-block-post-grid-author -->\n\n        <!-- blockspare-posts-block-post-grid-date -->\n                <!-- blockspare-posts-block-post-grid-date -->\n\n        <!-- comment_count -->\n                <!-- comment_count -->\n      <\/div>\n      <!-- blockspare-posts-block-post-grid-byline -->\n    <\/header>\n    <!-- blockspare-posts-block-post-grid-header -->\n\n        <!-- blockspare-posts-block-post-grid-excerpt -->\n          <div class=\"blockspare-posts-block-post-grid-excerpt\">\n        <!-- blockspare-posts-block-post-grid-excerpt-content -->\n                  <div class=\"blockspare-posts-block-post-grid-excerpt-content\">\n            El arranque de la primera jornada de ventas del remate 289 de Plaza Rural, enmarcado en la cl\u00e1sica edici\u00f3n especial de Plaza Hereford, ratific\u00f3 el excelente momento que atraviesa el&hellip;          <\/div>\n                <!-- blockspare-posts-block-post-grid-excerpt-content -->\n        <!-- blockspare-posts-block-post-grid-more-link -->\n                  <p>\n            <a class=\"blockspare-posts-block-post-grid-more-link blockspare-posts-block-text-link\" href=\"https:\/\/agromedios.com\/new\/plaza-rural-con-singular-firmeza-y-sello-hereford\/\" aria-label=\"Read more about Plaza Rural con singular firmeza y sello Hereford\">\n              <span aria-hidden=\"true\">Leer m\u00e1s<\/span>\n            <\/a>\n\n          <\/p>\n                <!-- blockspare-posts-block-post-grid-more-link -->\n      <\/div>\n        <!-- blockspare-posts-block-post-grid-excerpt -->\n\n  <\/div>\n            <\/div>\n                                <div id=\"18865\" class=\"blockspare-posts-block-post-single blockspare-hover-item  blockspare-hover-child bs-has-equal-height\">\n                  <figure class=\"blockspare-posts-block-post-img hover-child\">\n      <a href=\"https:\/\/agromedios.com\/new\/trump-abre-el-mercado-de-carne-vacuna-a-sudamerica-para-frenar-la-inflacion-interna\/\" aria-label=\"Trump abre el mercado de carne vacuna a Sudam\u00e9rica para frenar la inflaci\u00f3n interna\">\n        <img loading=\"lazy\" decoding=\"async\" width=\"1024\" height=\"640\" src=\"https:\/\/agromedios.com\/new\/wp-content\/uploads\/2026\/08\/Lula-propone-a-Trump-limitar-el-Consejo-de-Paz-a-Gaza-optimized-1024x640-1.webp\" class=\"attachment-full size-full\" alt=\"\" \/>      <\/a>\n          <\/figure>\n                  <div class=\"blockspare-posts-block-post-content  content-order-5 lpc-title-hover\">\n    <div class=\"blockspare-posts-block-bg-overlay\"><\/div>\n    <!-- blockspare-posts-block-post-grid-header -->\n    <header class=\"blockspare-posts-block-post-grid-header\">\n      <!--display category when feature image is disable -->\n            <!--display category when feature image is enable-->\n              <!-- Category     -->\n        <div class=\"blockspare-posts-block-post-category\">\n                              <a href=\"\" class=\"category tag\" >D1<\/a> \n                            <\/div>\n        <!-- Category     -->\n            <!-- blockspare-posts-block-post-grid-title -->\n              <h2 class=\"blockspare-posts-block-post-grid-title\">\n          <a href=\"https:\/\/agromedios.com\/new\/trump-abre-el-mercado-de-carne-vacuna-a-sudamerica-para-frenar-la-inflacion-interna\/\" class=\"blockspare-posts-block-title-link\" rel=\"bookmark\">\n            <span>Trump abre el mercado de carne vacuna a Sudam\u00e9rica para frenar la inflaci\u00f3n interna<\/span>\n          <\/a>\n        <\/h2>\n            <!-- blockspare-posts-block-post-grid-title -->\n\n      <!-- blockspare-posts-block-post-grid-byline -->\n      <div class=\"blockspare-posts-block-post-grid-byline\">\n        <!-- blockspare-posts-block-post-grid-author -->\n                <!-- blockspare-posts-block-post-grid-author -->\n\n        <!-- blockspare-posts-block-post-grid-date -->\n                <!-- blockspare-posts-block-post-grid-date -->\n\n        <!-- comment_count -->\n                <!-- comment_count -->\n      <\/div>\n      <!-- blockspare-posts-block-post-grid-byline -->\n    <\/header>\n    <!-- blockspare-posts-block-post-grid-header -->\n\n        <!-- blockspare-posts-block-post-grid-excerpt -->\n          <div class=\"blockspare-posts-block-post-grid-excerpt\">\n        <!-- blockspare-posts-block-post-grid-excerpt-content -->\n                  <div class=\"blockspare-posts-block-post-grid-excerpt-content\">\n            En una medida audaz ante el desplome de su popularidad, el presidente de EE.UU. elimina aranceles a la importaci\u00f3n de 300.000 toneladas de carne molida a cambio de una rebaja&hellip;          <\/div>\n                <!-- blockspare-posts-block-post-grid-excerpt-content -->\n        <!-- blockspare-posts-block-post-grid-more-link -->\n                  <p>\n            <a class=\"blockspare-posts-block-post-grid-more-link blockspare-posts-block-text-link\" href=\"https:\/\/agromedios.com\/new\/trump-abre-el-mercado-de-carne-vacuna-a-sudamerica-para-frenar-la-inflacion-interna\/\" aria-label=\"Read more about Trump abre el mercado de carne vacuna a Sudam\u00e9rica para frenar la inflaci\u00f3n interna\">\n              <span aria-hidden=\"true\">Leer m\u00e1s<\/span>\n            <\/a>\n\n          <\/p>\n                <!-- blockspare-posts-block-post-grid-more-link -->\n      <\/div>\n        <!-- blockspare-posts-block-post-grid-excerpt -->\n\n  <\/div>\n            <\/div>\n                    \n\n\n      <\/div>\n\n          <\/section>\n\n\n\n  <\/div>\n<\/div>\n\n\n\n<div class=\"wp-block-column is-layout-flow wp-block-column-is-layout-flow\" style=\"flex-basis:33.33%\">\n<div class=\"wp-block-blockspare-blockspare-tabs aligncenter blockspare-7ed7e94b-e7ee-4 alignnone\" blockspare-animation=\"\"><style>.blockspare-7ed7e94b-e7ee-4 .bs-tabs-title-list .bs-title-item .bs-title-text{font-size:14px;font-family:Helvetica;color:#fff}.blockspare-7ed7e94b-e7ee-4 .bs-tabs-content-wrap{border-width:1px;border-style:solid;border-color:#dee2e6;background-color:transparent;padding-top:20px;padding-right:20px;padding-bottom:20px;padding-left:20px}.blockspare-7ed7e94b-e7ee-4 .bs-tabs-title-list .bs-tab-title-inactive .bs-tab-title:visited{background-color:#3e9232}.blockspare-7ed7e94b-e7ee-4 .bs-tabs-title-list .bs-tab-title-inactive .bs-tab-title{background-color:#3e9232}.blockspare-7ed7e94b-e7ee-4 li.bs-tab-title-active .bs-tab-title:visited{background-color:#1e4410}.blockspare-7ed7e94b-e7ee-4 li.bs-tab-title-active .bs-tab-title:focus{background-color:#1e4410}.blockspare-7ed7e94b-e7ee-4 li.bs-tab-title-active .bs-tab-title{background-color:#1e4410}.blockspare-7ed7e94b-e7ee-4 li.bs-tab-title-active .bs-tab-title .bs-title-text{color:#fff}.blockspare-7ed7e94b-e7ee-4 .bs-tabs-wrap{margin-top:30px;margin-right:0px;margin-bottom:-55px;margin-left:0px}@media screen and (max-width:1025px){.blockspare-7ed7e94b-e7ee-4 .bs-tabs-title-list .bs-title-item .bs-title-text{font-size:14px}}@media screen and (max-width:768px){.blockspare-7ed7e94b-e7ee-4 .bs-tabs-title-list .bs-title-item .bs-title-text{font-size:14px}}<\/style><div class=\"blockspare-layout2 blockspare-horizontal bs-tabs-wrap bs-tabs-id_d7e94b-e7 bs-tabs-has-2-tabs bs-active-tab-1 bs-tabs-layout-blockspare-layout2  bs-tab-alignment-blockspare-center\"><ul class=\"bs-tabs-title-list\"><li id=\"tab-cotizaciones\" class=\"bs-title-item bs-title-item-1 bs-tabs-svg-show-always bs-tabs-icon-side-right bs-tab-title-active\"><a href=\"#tab-cotizaciones\" data-tab=\"1\" class=\"bs-tab-title bs-tab-title-1 \"><span class=\"bs-title-text\">Cotizaciones<\/span><\/a><\/li><li id=\"tab-granos\" class=\"bs-title-item bs-title-item-2 bs-tabs-svg-show-always bs-tabs-icon-side-right bs-tab-title-inactive\"><a href=\"#tab-granos\" data-tab=\"2\" class=\"bs-tab-title bs-tab-title-2 \"><span class=\"bs-title-text\">Granos<\/span><\/a><\/li><\/ul><div class=\"bs-tabs-content-wrap blockspare-hover-item\">\n<div class=\"wp-block-blockspare-inner-tab bs-tab-inner-content bs-inner-tab-1 bs-inner-tab_1145cd-64\"><div class=\"bs-tab-inner-content-inner\">\n<\/div><\/div>\n\n\n\n<div class=\"wp-block-blockspare-inner-tab bs-tab-inner-content bs-inner-tab-2 bs-inner-tab_b0de20-0b\"><div class=\"bs-tab-inner-content-inner\">\n<\/div><\/div>\n<\/div><\/div><\/div>\n<\/div>\n<\/div>\n\n\n\n<div class=\"wp-block-blockspare-blockspare-container alignfull blockspare-df7c0ee0-695a-4\" blockspare-animation=\"\"><style>.blockspare-df7c0ee0-695a-4 > .blockspare-block-container-wrapper{background-color:#f9f9f9;padding-top:20px;padding-right:20px;padding-bottom:20px;padding-left:20px;margin-top:30px;margin-right:0px;margin-bottom:30px;margin-left:0px;border-radius:0}.blockspare-df7c0ee0-695a-4 .blockspare-image-wrap{background-image:none}<\/style><div class=\"blockspare-block-container-wrapper blockspare-hover-item\"><div class=\"blockspare-container-background blockspare-image-wrap has-background-opacity-100 has-background-opacity\"><\/div><div class=\"blockspare-container\"><div class=\"blockspare-inner-blocks blockspare-inner-wrapper-blocks\">\n<figure class=\"wp-block-image alignwide size-large\"><a href=\"https:\/\/wa.me\/59899697834?text=Quiero%20publicitar%20en%20su%20web%20agromedios.com\"><img loading=\"lazy\" decoding=\"async\" width=\"1024\" height=\"95\" src=\"https:\/\/agromedios.com\/new\/wp-content\/uploads\/2025\/10\/AGROMEDIOS-PUBLICITE-AQUI-1024x95.png\" alt=\"\" class=\"wp-image-13222\" srcset=\"https:\/\/agromedios.com\/new\/wp-content\/uploads\/2025\/10\/AGROMEDIOS-PUBLICITE-AQUI-1024x95.png 1024w, https:\/\/agromedios.com\/new\/wp-content\/uploads\/2025\/10\/AGROMEDIOS-PUBLICITE-AQUI-300x28.png 300w, https:\/\/agromedios.com\/new\/wp-content\/uploads\/2025\/10\/AGROMEDIOS-PUBLICITE-AQUI-768x71.png 768w, https:\/\/agromedios.com\/new\/wp-content\/uploads\/2025\/10\/AGROMEDIOS-PUBLICITE-AQUI-1536x143.png 1536w, https:\/\/agromedios.com\/new\/wp-content\/uploads\/2025\/10\/AGROMEDIOS-PUBLICITE-AQUI-2048x190.png 2048w\" sizes=\"(max-width: 1024px) 100vw, 1024px\" \/><\/a><\/figure>\n<\/div><\/div><\/div><\/div>\n\n\n\n<div class=\"wp-block-columns is-layout-flex wp-container-core-columns-is-layout-8f761849 wp-block-columns-is-layout-flex\">\n<div class=\"wp-block-column is-layout-flow wp-block-column-is-layout-flow\" style=\"flex-basis:100%\"><div class=\"wp-block-blockspare-posts-block-blockspare-posts-block-latest-posts alignwide   blockspare-f5f27536-2e73-4\" blockspare-animation=\"\">\n  \n    <section class=\"blockspare-posts-block-post-wrap\">\n      <div class=\"blockspare-posts-block-latest-post-wrap blockspare-posts-block-is-grid has-gutter-20 column-3  blockspare-posts-block-grid-layout-4\">\n                    <div id=\"18926\" class=\"blockspare-posts-block-post-single blockspare-hover-item  blockspare-hover-child bs-has-equal-height\">\n                  <figure class=\"blockspare-posts-block-post-img hover-child\">\n      <a href=\"https:\/\/agromedios.com\/new\/raizar-agro-despliega-su-propuesta-integral-con-giras-tecnicas-en-el-norte-y-noreste\/\" aria-label=\"Raizar Agro despliega su propuesta integral con giras t\u00e9cnicas en el Norte y Noreste\">\n        <img loading=\"lazy\" decoding=\"async\" width=\"2560\" height=\"1920\" src=\"https:\/\/agromedios.com\/new\/wp-content\/uploads\/2026\/09\/IMG_7313-1024x768.jpeg\" class=\"attachment-full size-full\" alt=\"\" \/>      <\/a>\n          <\/figure>\n                  <div class=\"blockspare-posts-block-post-content  content-order-5 lpc-title-hover\">\n    <div class=\"blockspare-posts-block-bg-overlay\"><\/div>\n    <!-- blockspare-posts-block-post-grid-header -->\n    <header class=\"blockspare-posts-block-post-grid-header\">\n      <!--display category when feature image is disable -->\n            <!--display category when feature image is enable-->\n              <!-- Category     -->\n        <div class=\"blockspare-posts-block-post-category\">\n                              <a href=\"\" class=\"category tag\" >D2<\/a> \n                            <\/div>\n        <!-- Category     -->\n            <!-- blockspare-posts-block-post-grid-title -->\n              <h2 class=\"blockspare-posts-block-post-grid-title\">\n          <a href=\"https:\/\/agromedios.com\/new\/raizar-agro-despliega-su-propuesta-integral-con-giras-tecnicas-en-el-norte-y-noreste\/\" class=\"blockspare-posts-block-title-link\" rel=\"bookmark\">\n            <span>Raizar Agro despliega su propuesta integral con giras t\u00e9cnicas en el Norte y Noreste<\/span>\n          <\/a>\n        <\/h2>\n            <!-- blockspare-posts-block-post-grid-title -->\n\n      <!-- blockspare-posts-block-post-grid-byline -->\n      <div class=\"blockspare-posts-block-post-grid-byline\">\n        <!-- blockspare-posts-block-post-grid-author -->\n                <!-- blockspare-posts-block-post-grid-author -->\n\n        <!-- blockspare-posts-block-post-grid-date -->\n                <!-- blockspare-posts-block-post-grid-date -->\n\n        <!-- comment_count -->\n                <!-- comment_count -->\n      <\/div>\n      <!-- blockspare-posts-block-post-grid-byline -->\n    <\/header>\n    <!-- blockspare-posts-block-post-grid-header -->\n\n        <!-- blockspare-posts-block-post-grid-excerpt -->\n          <div class=\"blockspare-posts-block-post-grid-excerpt\">\n        <!-- blockspare-posts-block-post-grid-excerpt-content -->\n                  <div class=\"blockspare-posts-block-post-grid-excerpt-content\">\n            Con el inicio de la nueva zafra de ma\u00edz, la firma Raizar Agro \u2014plataforma nacida de la alianza estrat\u00e9gica entre Procampo, Lanafil y Agroenfoque\u2014 inici\u00f3 una intensa agenda de actividades&hellip;          <\/div>\n                <!-- blockspare-posts-block-post-grid-excerpt-content -->\n        <!-- blockspare-posts-block-post-grid-more-link -->\n                  <p>\n            <a class=\"blockspare-posts-block-post-grid-more-link blockspare-posts-block-text-link\" href=\"https:\/\/agromedios.com\/new\/raizar-agro-despliega-su-propuesta-integral-con-giras-tecnicas-en-el-norte-y-noreste\/\" aria-label=\"Read more about Raizar Agro despliega su propuesta integral con giras t\u00e9cnicas en el Norte y Noreste\">\n              <span aria-hidden=\"true\">Leer m\u00e1s<\/span>\n            <\/a>\n\n          <\/p>\n                <!-- blockspare-posts-block-post-grid-more-link -->\n      <\/div>\n        <!-- blockspare-posts-block-post-grid-excerpt -->\n\n  <\/div>\n            <\/div>\n                                <div id=\"18921\" class=\"blockspare-posts-block-post-single blockspare-hover-item  blockspare-hover-child bs-has-equal-height\">\n                  <figure class=\"blockspare-posts-block-post-img hover-child\">\n      <a href=\"https:\/\/agromedios.com\/new\/firme-comienzo-de-la-zafra-de-primavera-para-di-santi\/\" aria-label=\"Firme comienzo de la zafra de primavera para Di Santi\">\n        <img loading=\"lazy\" decoding=\"async\" width=\"804\" height=\"693\" src=\"https:\/\/agromedios.com\/new\/wp-content\/uploads\/2026\/09\/Captura-de-pantalla-2026-09-01-a-las-9.34.04-p.-m.png\" class=\"attachment-full size-full\" alt=\"\" \/>      <\/a>\n          <\/figure>\n                  <div class=\"blockspare-posts-block-post-content  content-order-5 lpc-title-hover\">\n    <div class=\"blockspare-posts-block-bg-overlay\"><\/div>\n    <!-- blockspare-posts-block-post-grid-header -->\n    <header class=\"blockspare-posts-block-post-grid-header\">\n      <!--display category when feature image is disable -->\n            <!--display category when feature image is enable-->\n              <!-- Category     -->\n        <div class=\"blockspare-posts-block-post-category\">\n                              <a href=\"\" class=\"category tag\" >D2<\/a> \n                            <\/div>\n        <!-- Category     -->\n            <!-- blockspare-posts-block-post-grid-title -->\n              <h2 class=\"blockspare-posts-block-post-grid-title\">\n          <a href=\"https:\/\/agromedios.com\/new\/firme-comienzo-de-la-zafra-de-primavera-para-di-santi\/\" class=\"blockspare-posts-block-title-link\" rel=\"bookmark\">\n            <span>Firme comienzo de la zafra de primavera para Di Santi<\/span>\n          <\/a>\n        <\/h2>\n            <!-- blockspare-posts-block-post-grid-title -->\n\n      <!-- blockspare-posts-block-post-grid-byline -->\n      <div class=\"blockspare-posts-block-post-grid-byline\">\n        <!-- blockspare-posts-block-post-grid-author -->\n                <!-- blockspare-posts-block-post-grid-author -->\n\n        <!-- blockspare-posts-block-post-grid-date -->\n                <!-- blockspare-posts-block-post-grid-date -->\n\n        <!-- comment_count -->\n                <!-- comment_count -->\n      <\/div>\n      <!-- blockspare-posts-block-post-grid-byline -->\n    <\/header>\n    <!-- blockspare-posts-block-post-grid-header -->\n\n        <!-- blockspare-posts-block-post-grid-excerpt -->\n          <div class=\"blockspare-posts-block-post-grid-excerpt\">\n        <!-- blockspare-posts-block-post-grid-excerpt-content -->\n                  <div class=\"blockspare-posts-block-post-grid-excerpt-content\">\n            El escritorio Di Santi Ltda. inaugur\u00f3 la zafra de venta de ganado lechero en su emblem\u00e1tico Local Cardal con un mercado \u00e1gil, ventas del 100% de la oferta y una&hellip;          <\/div>\n                <!-- blockspare-posts-block-post-grid-excerpt-content -->\n        <!-- blockspare-posts-block-post-grid-more-link -->\n                  <p>\n            <a class=\"blockspare-posts-block-post-grid-more-link blockspare-posts-block-text-link\" href=\"https:\/\/agromedios.com\/new\/firme-comienzo-de-la-zafra-de-primavera-para-di-santi\/\" aria-label=\"Read more about Firme comienzo de la zafra de primavera para Di Santi\">\n              <span aria-hidden=\"true\">Leer m\u00e1s<\/span>\n            <\/a>\n\n          <\/p>\n                <!-- blockspare-posts-block-post-grid-more-link -->\n      <\/div>\n        <!-- blockspare-posts-block-post-grid-excerpt -->\n\n  <\/div>\n            <\/div>\n                                <div id=\"18918\" class=\"blockspare-posts-block-post-single blockspare-hover-item  blockspare-hover-child bs-has-equal-height\">\n                  <figure class=\"blockspare-posts-block-post-img hover-child\">\n      <a href=\"https:\/\/agromedios.com\/new\/el-tablero-mundial-de-la-carne-la-ue-frena-a-brasil-ee-uu-absorbe-oferta-y-asia-crece-en-su-demanda\/\" aria-label=\"El tablero mundial de la carne: la UE frena a Brasil, EE. UU. absorbe oferta y Asia crece en su demanda\">\n        <img loading=\"lazy\" decoding=\"async\" width=\"1600\" height=\"1071\" src=\"https:\/\/agromedios.com\/new\/wp-content\/uploads\/2026\/09\/En-IFFA-2025-conoci-a-Jesus-Cruz-director-de-Eurocarne-un-destacado-periodista-del-sector-agroalimentario-1024x685.jpeg\" class=\"attachment-full size-full\" alt=\"\" \/>      <\/a>\n          <\/figure>\n                  <div class=\"blockspare-posts-block-post-content  content-order-5 lpc-title-hover\">\n    <div class=\"blockspare-posts-block-bg-overlay\"><\/div>\n    <!-- blockspare-posts-block-post-grid-header -->\n    <header class=\"blockspare-posts-block-post-grid-header\">\n      <!--display category when feature image is disable -->\n            <!--display category when feature image is enable-->\n              <!-- Category     -->\n        <div class=\"blockspare-posts-block-post-category\">\n                              <a href=\"\" class=\"category tag\" >D2<\/a> \n                            <\/div>\n        <!-- Category     -->\n            <!-- blockspare-posts-block-post-grid-title -->\n              <h2 class=\"blockspare-posts-block-post-grid-title\">\n          <a href=\"https:\/\/agromedios.com\/new\/el-tablero-mundial-de-la-carne-la-ue-frena-a-brasil-ee-uu-absorbe-oferta-y-asia-crece-en-su-demanda\/\" class=\"blockspare-posts-block-title-link\" rel=\"bookmark\">\n            <span>El tablero mundial de la carne: la UE frena a Brasil, EE. UU. absorbe oferta y Asia crece en su demanda<\/span>\n          <\/a>\n        <\/h2>\n            <!-- blockspare-posts-block-post-grid-title -->\n\n      <!-- blockspare-posts-block-post-grid-byline -->\n      <div class=\"blockspare-posts-block-post-grid-byline\">\n        <!-- blockspare-posts-block-post-grid-author -->\n                <!-- blockspare-posts-block-post-grid-author -->\n\n        <!-- blockspare-posts-block-post-grid-date -->\n                <!-- blockspare-posts-block-post-grid-date -->\n\n        <!-- comment_count -->\n                <!-- comment_count -->\n      <\/div>\n      <!-- blockspare-posts-block-post-grid-byline -->\n    <\/header>\n    <!-- blockspare-posts-block-post-grid-header -->\n\n        <!-- blockspare-posts-block-post-grid-excerpt -->\n          <div class=\"blockspare-posts-block-post-grid-excerpt\">\n        <!-- blockspare-posts-block-post-grid-excerpt-content -->\n                  <div class=\"blockspare-posts-block-post-grid-excerpt-content\">\n            En di\u00e1logo con Leonardo Bolla para Radio Rural, Jes\u00fas Cruz, director de la revista especializada Eurocarne, analiz\u00f3 las profundas reconfiguraciones en el comercio internacional de prote\u00edna vacuna y el impacto&hellip;          <\/div>\n                <!-- blockspare-posts-block-post-grid-excerpt-content -->\n        <!-- blockspare-posts-block-post-grid-more-link -->\n                  <p>\n            <a class=\"blockspare-posts-block-post-grid-more-link blockspare-posts-block-text-link\" href=\"https:\/\/agromedios.com\/new\/el-tablero-mundial-de-la-carne-la-ue-frena-a-brasil-ee-uu-absorbe-oferta-y-asia-crece-en-su-demanda\/\" aria-label=\"Read more about El tablero mundial de la carne: la UE frena a Brasil, EE. UU. absorbe oferta y Asia crece en su demanda\">\n              <span aria-hidden=\"true\">Leer m\u00e1s<\/span>\n            <\/a>\n\n          <\/p>\n                <!-- blockspare-posts-block-post-grid-more-link -->\n      <\/div>\n        <!-- blockspare-posts-block-post-grid-excerpt -->\n\n  <\/div>\n            <\/div>\n                    \n\n\n      <\/div>\n\n          <\/section>\n\n\n\n  <\/div>\n<\/div>\n<\/div>\n\n\n\n<p class=\"wp-block-paragraph\"><\/p>\n","protected":false},"excerpt":{"rendered":"","protected":false},"author":2,"featured_media":14521,"parent":0,"menu_order":0,"comment_status":"closed","ping_status":"open","template":"","meta":{"_eb_attr":"","ocean_front_end_style_editor":"no","ocean_post_layout":"full-width","ocean_both_sidebars_style":"","ocean_both_sidebars_content_width":0,"ocean_both_sidebars_sidebars_width":0,"ocean_sidebar":"","ocean_second_sidebar":"","ocean_disable_margins":"enable","ocean_add_body_class":"","ocean_shortcode_before_top_bar":"","ocean_shortcode_after_top_bar":"","ocean_shortcode_before_header":"","ocean_shortcode_after_header":"","ocean_has_shortcode":"","ocean_shortcode_after_title":"","ocean_shortcode_before_footer_widgets":"","ocean_shortcode_after_footer_widgets":"","ocean_shortcode_before_footer_bottom":"","ocean_shortcode_after_footer_bottom":"","ocean_display_top_bar":"default","ocean_display_header":"default","ocean_header_style":"","ocean_center_header_left_menu":"","ocean_custom_header_template":"","ocean_custom_logo":0,"ocean_custom_retina_logo":0,"ocean_custom_logo_max_width":0,"ocean_custom_logo_tablet_max_width":0,"ocean_custom_logo_mobile_max_width":0,"ocean_custom_logo_max_height":0,"ocean_custom_logo_tablet_max_height":0,"ocean_custom_logo_mobile_max_height":0,"ocean_header_custom_menu":"","ocean_menu_typo_font_family":"","ocean_menu_typo_font_subset":"","ocean_menu_typo_font_size":0,"ocean_menu_typo_font_size_tablet":0,"ocean_menu_typo_font_size_mobile":0,"ocean_menu_typo_font_size_unit":"px","ocean_menu_typo_font_weight":"","ocean_menu_typo_font_weight_tablet":"","ocean_menu_typo_font_weight_mobile":"","ocean_menu_typo_transform":"","ocean_menu_typo_transform_tablet":"","ocean_menu_typo_transform_mobile":"","ocean_menu_typo_line_height":0,"ocean_menu_typo_line_height_tablet":0,"ocean_menu_typo_line_height_mobile":0,"ocean_menu_typo_line_height_unit":"","ocean_menu_typo_spacing":0,"ocean_menu_typo_spacing_tablet":0,"ocean_menu_typo_spacing_mobile":0,"ocean_menu_typo_spacing_unit":"","ocean_menu_link_color":"","ocean_menu_link_color_hover":"","ocean_menu_link_color_active":"","ocean_menu_link_background":"","ocean_menu_link_hover_background":"","ocean_menu_link_active_background":"","ocean_menu_social_links_bg":"","ocean_menu_social_hover_links_bg":"","ocean_menu_social_links_color":"","ocean_menu_social_hover_links_color":"","ocean_disable_title":"on","ocean_disable_heading":"default","ocean_post_title":"","ocean_post_subheading":"","ocean_post_title_style":"","ocean_post_title_background_color":"","ocean_post_title_background":0,"ocean_post_title_bg_image_position":"","ocean_post_title_bg_image_attachment":"","ocean_post_title_bg_image_repeat":"","ocean_post_title_bg_image_size":"","ocean_post_title_height":0,"ocean_post_title_bg_overlay":0.5,"ocean_post_title_bg_overlay_color":"","ocean_disable_breadcrumbs":"default","ocean_breadcrumbs_color":"","ocean_breadcrumbs_separator_color":"","ocean_breadcrumbs_links_color":"","ocean_breadcrumbs_links_hover_color":"","ocean_display_footer_widgets":"default","ocean_display_footer_bottom":"default","ocean_custom_footer_template":"","footnotes":""},"class_list":["post-650","page","type-page","status-publish","has-post-thumbnail","hentry","entry","has-media"],"_links":{"self":[{"href":"https:\/\/agromedios.com\/new\/wp-json\/wp\/v2\/pages\/650","targetHints":{"allow":["GET"]}}],"collection":[{"href":"https:\/\/agromedios.com\/new\/wp-json\/wp\/v2\/pages"}],"about":[{"href":"https:\/\/agromedios.com\/new\/wp-json\/wp\/v2\/types\/page"}],"author":[{"embeddable":true,"href":"https:\/\/agromedios.com\/new\/wp-json\/wp\/v2\/users\/2"}],"replies":[{"embeddable":true,"href":"https:\/\/agromedios.com\/new\/wp-json\/wp\/v2\/comments?post=650"}],"version-history":[{"count":2,"href":"https:\/\/agromedios.com\/new\/wp-json\/wp\/v2\/pages\/650\/revisions"}],"predecessor-version":[{"id":18941,"href":"https:\/\/agromedios.com\/new\/wp-json\/wp\/v2\/pages\/650\/revisions\/18941"}],"wp:featuredmedia":[{"embeddable":true,"href":"https:\/\/agromedios.com\/new\/wp-json\/wp\/v2\/media\/14521"}],"wp:attachment":[{"href":"https:\/\/agromedios.com\/new\/wp-json\/wp\/v2\/media?parent=650"}],"curies":[{"name":"wp","href":"https:\/\/api.w.org\/{rel}","templated":true}]}}